{"id":7,"date":"2019-01-14T16:03:59","date_gmt":"2019-01-14T16:03:59","guid":{"rendered":"http:\/\/gerardohuertas.com\/?page_id=7"},"modified":"2025-08-17T21:55:26","modified_gmt":"2025-08-17T21:55:26","slug":"consultor-de-innovacion","status":"publish","type":"page","link":"https:\/\/gerardohuertas.com\/en\/","title":{"rendered":"Home"},"content":{"rendered":"<p><div class=\"fusion-fullwidth fullwidth-box fusion-builder-row-1 fusion-flex-container fusion-parallax-none hundred-percent-fullwidth non-hundred-percent-height-scrolling\" style=\"--awb-background-position:left center;--awb-border-radius-top-left:0px;--awb-border-radius-top-right:0px;--awb-border-radius-bottom-right:0px;--awb-border-radius-bottom-left:0px;--awb-padding-top:12%;--awb-background-color:#1b2032;--awb-background-image:url(&quot;https:\/\/gerardohuertas.com\/wp-content\/uploads\/2024\/06\/nuevo-background-GH-web.jpg&quot;);--awb-background-image-medium:url(&#039;https:\/\/gerardohuertas.com\/wp-content\/uploads\/2020\/11\/IMG_9492-e1606101722111.png&#039;);--awb-background-image-small:url(&#039;https:\/\/gerardohuertas.com\/wp-content\/uploads\/2024\/06\/nuevo-background-GH-web.jpg&#039;);--awb-background-size:cover;--awb-flex-wrap:wrap;--awb-filter:brightness(97%) contrast(98%);--awb-filter-transition:filter 0.3s ease;--awb-filter-hover:brightness(100%) contrast(100%);\" ><div class=\"fusion-builder-row fusion-row fusion-flex-align-items-flex-start fusion-flex-content-wrap\" style=\"width:104% !important;max-width:104% !important;margin-left: calc(-4% \/ 2 );margin-right: calc(-4% \/ 2 );\"><div class=\"fusion-layout-column fusion_builder_column fusion-builder-column-0 fusion_builder_column_1_1 1_1 fusion-flex-column\" style=\"--awb-bg-blend:overlay;--awb-bg-size:cover;--awb-width-large:100%;--awb-margin-top-large:0px;--awb-spacing-right-large:1.92%;--awb-margin-bottom-large:0px;--awb-spacing-left-large:1.92%;--awb-width-medium:100%;--awb-spacing-right-medium:1.92%;--awb-spacing-left-medium:1.92%;--awb-width-small:100%;--awb-spacing-right-small:1.92%;--awb-spacing-left-small:1.92%;\"><div class=\"fusion-column-wrapper fusion-flex-justify-content-flex-start fusion-content-layout-column\"><div class=\"fusion-separator fusion-full-width-sep\" style=\"align-self: center;margin-left: auto;margin-right: auto;margin-bottom:13%;width:100%;\"><\/div><div class=\"fusion-title title fusion-title-1 fusion-sep-none fusion-title-text fusion-title-size-one\" style=\"--awb-text-color:#ffffff;--awb-margin-top:0px;--awb-margin-top-small:0px;--awb-margin-right-small:0px;--awb-margin-bottom-small:20px;--awb-margin-left-small:0px;--awb-font-size:45px;\"><h1 class=\"fusion-title-heading title-heading-right fusion-responsive-typography-calculated\" style=\"margin:0;font-size:1em;--fontSize:45;line-height:1.25;\"><\/h1><\/div><\/div><\/div><\/div><\/div><div class=\"fusion-fullwidth fullwidth-box fusion-builder-row-2 fusion-flex-container nonhundred-percent-fullwidth non-hundred-percent-height-scrolling\" style=\"--awb-border-radius-top-left:0px;--awb-border-radius-top-right:0px;--awb-border-radius-bottom-right:0px;--awb-border-radius-bottom-left:0px;--awb-padding-top:;--awb-padding-bottom:;--awb-padding-top-medium:30px;--awb-padding-bottom-medium:60px;--awb-padding-bottom-small:0px;--awb-margin-bottom-small:0px;--awb-flex-wrap:wrap;\" ><div class=\"fusion-builder-row fusion-row fusion-flex-align-items-center fusion-flex-content-wrap\" style=\"max-width:1206.4px;margin-left: calc(-4% \/ 2 );margin-right: calc(-4% \/ 2 );\"><div class=\"fusion-layout-column fusion_builder_column fusion-builder-column-1 fusion_builder_column_1_1 1_1 fusion-flex-column fusion-flex-align-self-flex-start fusion-animated\" style=\"--awb-padding-bottom-small:0px;--awb-bg-blend:overlay;--awb-bg-size:cover;--awb-width-large:100%;--awb-margin-top-large:25px;--awb-spacing-right-large:1.92%;--awb-margin-bottom-large:0px;--awb-spacing-left-large:1.92%;--awb-width-medium:50%;--awb-spacing-right-medium:3.84%;--awb-spacing-left-medium:3.84%;--awb-width-small:100%;--awb-margin-top-small:0px;--awb-spacing-right-small:0%;--awb-margin-bottom-small:0px;--awb-spacing-left-small:0%;\" data-animationType=\"fadeInRight\" data-animationDuration=\"0.8\" data-animationOffset=\"top-into-view\"><div class=\"fusion-column-wrapper fusion-flex-justify-content-flex-start fusion-content-layout-block\"><div class=\"fusion-title title fusion-title-2 fusion-sep-none fusion-title-center fusion-title-text fusion-title-size-one\" style=\"--awb-margin-top-small:0px;--awb-margin-right-small:0px;--awb-margin-bottom-small:20px;--awb-margin-left-small:0px;--awb-font-size:46px;\"><h1 class=\"fusion-title-heading title-heading-center fusion-responsive-typography-calculated\" style=\"margin:0;font-size:1em;--fontSize:46;line-height:1.25;\">Gerardo Huertas &#8211; Emprendedor en tecnolog\u00eda<\/h1><\/div><div class=\"fusion-separator fusion-full-width-sep\" style=\"align-self: center;margin-left: auto;margin-right: auto;margin-top:10px;width:100%;\"><\/div><div class=\"fusion-separator fusion-full-width-sep\" style=\"align-self: center;margin-left: auto;margin-right: auto;margin-top:8px;width:100%;\"><\/div><\/div><\/div><\/div><\/div><div class=\"fusion-fullwidth fullwidth-box fusion-builder-row-3 fusion-flex-container nonhundred-percent-fullwidth non-hundred-percent-height-scrolling\" style=\"--awb-border-radius-top-left:0px;--awb-border-radius-top-right:0px;--awb-border-radius-bottom-right:0px;--awb-border-radius-bottom-left:0px;--awb-padding-top:0%;--awb-padding-bottom:;--awb-padding-top-medium:30px;--awb-padding-bottom-medium:60px;--awb-padding-top-small:0px;--awb-padding-bottom-small:0px;--awb-margin-top:0px;--awb-flex-wrap:wrap;\" ><div class=\"fusion-builder-row fusion-row fusion-flex-align-items-center fusion-flex-content-wrap\" style=\"max-width:1206.4px;margin-left: calc(-4% \/ 2 );margin-right: calc(-4% \/ 2 );\"><div class=\"fusion-layout-column fusion_builder_column fusion-builder-column-2 fusion_builder_column_2_5 2_5 fusion-flex-column fusion-animated\" style=\"--awb-bg-blend:overlay;--awb-bg-size:cover;--awb-width-large:40%;--awb-margin-top-large:25px;--awb-spacing-right-large:4.8%;--awb-margin-bottom-large:25px;--awb-spacing-left-large:4.8%;--awb-width-medium:50%;--awb-spacing-right-medium:3.84%;--awb-spacing-left-medium:3.84%;--awb-width-small:100%;--awb-spacing-right-small:1.92%;--awb-spacing-left-small:1.92%;\" data-animationType=\"fadeInRight\" data-animationDuration=\"0.8\" data-animationOffset=\"top-into-view\"><div class=\"fusion-column-wrapper fusion-flex-justify-content-flex-start fusion-content-layout-block\"><div class=\"fusion-separator fusion-full-width-sep\" style=\"align-self: center;margin-left: auto;margin-right: auto;margin-top:20px;width:100%;\"><\/div><div class=\"fusion-text fusion-text-1\" style=\"--awb-font-size:24px;--awb-line-height:1.6em;--awb-letter-spacing:-0.5px;--awb-text-transform:none;\"><p>Hola, soy Gerardo Huertas, empresario y emprendedor social.<\/p>\n<p>Creo que todo emprendedor tiene un prop\u00f3sito. Estoy seguro de que el m\u00edo, es el de <b>empoderar j\u00f3venes a trav\u00e9s de la educaci\u00f3n y el emprendimiento, con un enfoque en crear innovaci\u00f3n y generar desarrollo sostenible. Ese prop\u00f3sito me ha llevado a emprender proyectos educativos y empresariales que han sido parte de mi crecimiento personal y profesional.<\/b><\/p>\n<\/div><div class=\"fusion-separator fusion-full-width-sep\" style=\"align-self: center;margin-left: auto;margin-right: auto;margin-top:10px;width:100%;\"><\/div><div class=\"fusion-separator fusion-full-width-sep\" style=\"align-self: center;margin-left: auto;margin-right: auto;margin-top:8px;width:100%;\"><\/div><\/div><\/div><div class=\"fusion-layout-column fusion_builder_column fusion-builder-column-3 fusion_builder_column_1_2 1_2 fusion-flex-column fusion-flex-align-self-flex-start fusion-no-small-visibility fusion-animated\" style=\"--awb-bg-blend:overlay;--awb-bg-size:cover;--awb-width-large:50%;--awb-margin-top-large:25px;--awb-spacing-right-large:3.84%;--awb-margin-bottom-large:25px;--awb-spacing-left-large:3.84%;--awb-width-medium:50%;--awb-spacing-right-medium:3.84%;--awb-spacing-left-medium:3.84%;--awb-width-small:100%;--awb-spacing-right-small:1.92%;--awb-spacing-left-small:1.92%;\" data-animationType=\"fadeInLeft\" data-animationDuration=\"0.8\" data-animationOffset=\"top-into-view\"><div class=\"fusion-column-wrapper fusion-flex-justify-content-center fusion-content-layout-column\"><div class=\"fusion-image-element \" style=\"text-align:center;--awb-aspect-ratio:1 \/ 1;--awb-object-position:43% 26%;--awb-caption-title-font-family:var(--h2_typography-font-family);--awb-caption-title-font-weight:var(--h2_typography-font-weight);--awb-caption-title-font-style:var(--h2_typography-font-style);--awb-caption-title-size:var(--h2_typography-font-size);--awb-caption-title-transform:var(--h2_typography-text-transform);--awb-caption-title-line-height:var(--h2_typography-line-height);--awb-caption-title-letter-spacing:var(--h2_typography-letter-spacing);\"><span class=\" fusion-imageframe imageframe-none imageframe-1 hover-type-none has-aspect-ratio\"><a href=\"https:\/\/gerardohuertas.com\/wp-content\/uploads\/2025\/06\/A9A9828-Editar.jpg\" class=\"fusion-lightbox\" data-rel=\"iLightbox[6e20a42263b6534f4cc]\" data-title=\"_A9A9828-Editar\" title=\"_A9A9828-Editar\"><img decoding=\"async\" width=\"1371\" height=\"1920\" src=\"https:\/\/gerardohuertas.com\/wp-content\/uploads\/2025\/06\/A9A9828-Editar.jpg\" class=\"img-responsive wp-image-1413 img-with-aspect-ratio\" data-parent-fit=\"cover\" data-parent-container=\".fusion-image-element\" alt srcset=\"https:\/\/gerardohuertas.com\/wp-content\/uploads\/2025\/06\/A9A9828-Editar-200x280.jpg 200w, https:\/\/gerardohuertas.com\/wp-content\/uploads\/2025\/06\/A9A9828-Editar-400x560.jpg 400w, https:\/\/gerardohuertas.com\/wp-content\/uploads\/2025\/06\/A9A9828-Editar-600x840.jpg 600w, https:\/\/gerardohuertas.com\/wp-content\/uploads\/2025\/06\/A9A9828-Editar-800x1120.jpg 800w, https:\/\/gerardohuertas.com\/wp-content\/uploads\/2025\/06\/A9A9828-Editar-1200x1681.jpg 1200w, https:\/\/gerardohuertas.com\/wp-content\/uploads\/2025\/06\/A9A9828-Editar.jpg 1371w\" sizes=\"(max-width: 1024px) 100vw, (max-width: 727px) 100vw, 600px\" \/><\/a><\/span><\/div><\/div><\/div><\/div><\/div><div class=\"fusion-fullwidth fullwidth-box fusion-builder-row-4 fusion-flex-container nonhundred-percent-fullwidth non-hundred-percent-height-scrolling\" style=\"--awb-border-radius-top-left:0px;--awb-border-radius-top-right:0px;--awb-border-radius-bottom-right:0px;--awb-border-radius-bottom-left:0px;--awb-padding-top:0%;--awb-padding-bottom:;--awb-padding-top-medium:30px;--awb-padding-bottom-medium:60px;--awb-padding-top-small:0px;--awb-padding-bottom-small:0px;--awb-margin-top:0px;--awb-flex-wrap:wrap;\" ><div class=\"fusion-builder-row fusion-row fusion-flex-align-items-center fusion-flex-content-wrap\" style=\"max-width:1206.4px;margin-left: calc(-4% \/ 2 );margin-right: calc(-4% \/ 2 );\"><div class=\"fusion-layout-column fusion_builder_column fusion-builder-column-4 fusion_builder_column_2_5 2_5 fusion-flex-column fusion-animated\" style=\"--awb-bg-blend:overlay;--awb-bg-size:cover;--awb-width-large:40%;--awb-margin-top-large:25px;--awb-spacing-right-large:4.8%;--awb-margin-bottom-large:25px;--awb-spacing-left-large:4.8%;--awb-width-medium:50%;--awb-spacing-right-medium:3.84%;--awb-spacing-left-medium:3.84%;--awb-width-small:100%;--awb-spacing-right-small:1.92%;--awb-spacing-left-small:1.92%;\" data-animationType=\"fadeInRight\" data-animationDuration=\"0.8\" data-animationOffset=\"top-into-view\"><div class=\"fusion-column-wrapper fusion-flex-justify-content-flex-start fusion-content-layout-block\"><div class=\"fusion-image-element fusion-image-align-center in-legacy-container\" style=\"text-align:center;--awb-caption-title-font-family:var(--h2_typography-font-family);--awb-caption-title-font-weight:var(--h2_typography-font-weight);--awb-caption-title-font-style:var(--h2_typography-font-style);--awb-caption-title-size:var(--h2_typography-font-size);--awb-caption-title-transform:var(--h2_typography-text-transform);--awb-caption-title-line-height:var(--h2_typography-line-height);--awb-caption-title-letter-spacing:var(--h2_typography-letter-spacing);\"><div class=\"imageframe-align-center\"><span class=\" fusion-imageframe imageframe-none imageframe-2 hover-type-none\"><a href=\"https:\/\/gerardohuertas.com\/wp-content\/uploads\/2025\/08\/Gerardo-Huertas-1.webp\" class=\"fusion-lightbox\" data-rel=\"iLightbox[85a5f42c3cc6eca6b8d]\" data-title=\"Gerardo-Huertas-1\" title=\"Gerardo-Huertas-1\"><img decoding=\"async\" width=\"1280\" height=\"1920\" src=\"https:\/\/gerardohuertas.com\/wp-content\/uploads\/2025\/08\/Gerardo-Huertas-1.webp\" alt class=\"img-responsive wp-image-1419\" srcset=\"https:\/\/gerardohuertas.com\/wp-content\/uploads\/2025\/08\/Gerardo-Huertas-1-200x300.webp 200w, https:\/\/gerardohuertas.com\/wp-content\/uploads\/2025\/08\/Gerardo-Huertas-1-400x600.webp 400w, https:\/\/gerardohuertas.com\/wp-content\/uploads\/2025\/08\/Gerardo-Huertas-1-600x900.webp 600w, https:\/\/gerardohuertas.com\/wp-content\/uploads\/2025\/08\/Gerardo-Huertas-1-800x1200.webp 800w, https:\/\/gerardohuertas.com\/wp-content\/uploads\/2025\/08\/Gerardo-Huertas-1-1200x1800.webp 1200w, https:\/\/gerardohuertas.com\/wp-content\/uploads\/2025\/08\/Gerardo-Huertas-1.webp 1280w\" sizes=\"(max-width: 1024px) 100vw, (max-width: 727px) 100vw, 600px\" \/><\/a><\/span><\/div><\/div><div class=\"fusion-separator fusion-full-width-sep\" style=\"align-self: center;margin-left: auto;margin-right: auto;margin-top:10px;width:100%;\"><\/div><div class=\"fusion-image-element fusion-image-align-center in-legacy-container\" style=\"text-align:center;--awb-caption-title-font-family:var(--h2_typography-font-family);--awb-caption-title-font-weight:var(--h2_typography-font-weight);--awb-caption-title-font-style:var(--h2_typography-font-style);--awb-caption-title-size:var(--h2_typography-font-size);--awb-caption-title-transform:var(--h2_typography-text-transform);--awb-caption-title-line-height:var(--h2_typography-line-height);--awb-caption-title-letter-spacing:var(--h2_typography-letter-spacing);\"><div class=\"imageframe-align-center\"><span class=\" fusion-imageframe imageframe-none imageframe-3 hover-type-none\"><a href=\"https:\/\/gerardohuertas.com\/wp-content\/uploads\/2025\/08\/Gerardo-Huertas-3.webp\" class=\"fusion-lightbox\" data-rel=\"iLightbox[559e034fe4e3cc77d09]\" data-title=\"Gerardo-Huertas-3\" title=\"Gerardo-Huertas-3\"><img decoding=\"async\" width=\"1371\" height=\"1920\" src=\"https:\/\/gerardohuertas.com\/wp-content\/uploads\/2025\/08\/Gerardo-Huertas-3.webp\" alt class=\"img-responsive wp-image-1424\" srcset=\"https:\/\/gerardohuertas.com\/wp-content\/uploads\/2025\/08\/Gerardo-Huertas-3-200x280.webp 200w, https:\/\/gerardohuertas.com\/wp-content\/uploads\/2025\/08\/Gerardo-Huertas-3-400x560.webp 400w, https:\/\/gerardohuertas.com\/wp-content\/uploads\/2025\/08\/Gerardo-Huertas-3-600x840.webp 600w, https:\/\/gerardohuertas.com\/wp-content\/uploads\/2025\/08\/Gerardo-Huertas-3-800x1120.webp 800w, https:\/\/gerardohuertas.com\/wp-content\/uploads\/2025\/08\/Gerardo-Huertas-3-1200x1681.webp 1200w, https:\/\/gerardohuertas.com\/wp-content\/uploads\/2025\/08\/Gerardo-Huertas-3.webp 1371w\" sizes=\"(max-width: 1024px) 100vw, (max-width: 727px) 100vw, 600px\" \/><\/a><\/span><\/div><\/div><\/div><\/div><div class=\"fusion-layout-column fusion_builder_column fusion-builder-column-5 fusion_builder_column_1_2 1_2 fusion-flex-column fusion-flex-align-self-flex-start fusion-animated\" style=\"--awb-bg-blend:overlay;--awb-bg-size:cover;--awb-width-large:50%;--awb-margin-top-large:25px;--awb-spacing-right-large:3.84%;--awb-margin-bottom-large:25px;--awb-spacing-left-large:3.84%;--awb-width-medium:50%;--awb-spacing-right-medium:3.84%;--awb-spacing-left-medium:3.84%;--awb-width-small:100%;--awb-spacing-right-small:1.92%;--awb-spacing-left-small:1.92%;\" data-animationType=\"fadeInLeft\" data-animationDuration=\"0.8\" data-animationOffset=\"top-into-view\"><div class=\"fusion-column-wrapper fusion-flex-justify-content-center fusion-content-layout-column\"><div class=\"fusion-text fusion-text-2\" style=\"--awb-font-size:24px;--awb-line-height:1.6em;--awb-letter-spacing:-0.5px;--awb-text-transform:none;\"><p><em>Un poco sobre m\u00ed. <\/em><\/p>\n<p><em>Hace m\u00e1s de 12 a\u00f1os, mi pasi\u00f3n por la innovaci\u00f3n me llev\u00f3 a emprender en el \u00e1rea de la ingenier\u00eda en software, con el objetivo de ayudar a empresas, emprendedores y organizaciones a generar las herramientas y el mindset necesario para adoptar la transformaci\u00f3n digital en sus modelos de negocio. <\/em><\/p>\n<p>Durante todos estos a\u00f1os me di cuenta que para muchos empresarios la innovaci\u00f3n <b>muchas veces es asociada a \u00abdesarrollar un app\u00bb, y que \u00abse necesitan muchos recursos, mucha gente para eso\u00bb<\/b>.<\/p>\n<p><strong>Un fact sobre innovaci\u00f3n. La realidad es que NO necesitas un departamento sofisticado de Innovaci\u00f3n con altos costos para generar innovaci\u00f3n.<\/strong> Para innovar, <i>necesitas menos de lo que realmente piensas<\/i>.<\/p>\n<p>Me gustar\u00eda ayudarte, para dise\u00f1ar juntos la estrategia de innovaci\u00f3n que tu empresa necesita, con peque\u00f1as soluciones iterativas, que puedan optimizar tu modelo de negocio, digitalizar procesos, y lograr una transformaci\u00f3n digital que cumpla las expectativas; mientras se crea el modelo de negocio disruptivo y sostenible del futuro.<\/p>\n<p>Mi experiencia profesional de m\u00e1s de 12 a\u00f1os en el sector de IT y todas las metodolog\u00edas de innovaci\u00f3n adquiridas despu\u00e9s de haber participado en m\u00e1s de 7 programas internacionales (USA, Israel, M\u00e9xico), me ayudan a ofrecerle a mis clientes una nueva perspectiva para abordar la innovaci\u00f3n con un enfoque pr\u00e1ctico, y sobre todo, con luces largas.<\/p>\n<\/div><div class=\"fusion-separator fusion-full-width-sep\" style=\"align-self: center;margin-left: auto;margin-right: auto;margin-top:10px;width:100%;\"><\/div><div class=\"fusion-image-element fusion-no-medium-visibility fusion-no-large-visibility\" style=\"--awb-aspect-ratio: 100 \/ 39;--awb-caption-title-font-family:var(--h2_typography-font-family);--awb-caption-title-font-weight:var(--h2_typography-font-weight);--awb-caption-title-font-style:var(--h2_typography-font-style);--awb-caption-title-size:var(--h2_typography-font-size);--awb-caption-title-transform:var(--h2_typography-text-transform);--awb-caption-title-line-height:var(--h2_typography-line-height);--awb-caption-title-letter-spacing:var(--h2_typography-letter-spacing);\"><span class=\" fusion-imageframe imageframe-none imageframe-4 hover-type-zoomin has-aspect-ratio\"><a class=\"fusion-no-lightbox\" href=\"https:\/\/gerardohuertas.com\/forbes-pymes-centroamericanas-de-fortalecen\/\" target=\"_self\" aria-label=\"forbes-logo-ca-opini\u00f3n\"><img decoding=\"async\" width=\"1024\" height=\"1024\" alt=\"Opini\u00f3n de Gerardo Huertas en Forbes Centroam\u00e9rica\" src=\"https:\/\/gerardohuertas.com\/wp-content\/uploads\/2023\/05\/forbes-logo-ca.jpg\" class=\"img-responsive wp-image-1339 img-with-aspect-ratio\" data-parent-fit=\"cover\" data-parent-container=\".fusion-image-element\" srcset=\"https:\/\/gerardohuertas.com\/wp-content\/uploads\/2023\/05\/forbes-logo-ca-200x200.jpg 200w, https:\/\/gerardohuertas.com\/wp-content\/uploads\/2023\/05\/forbes-logo-ca-400x400.jpg 400w, https:\/\/gerardohuertas.com\/wp-content\/uploads\/2023\/05\/forbes-logo-ca-600x600.jpg 600w, https:\/\/gerardohuertas.com\/wp-content\/uploads\/2023\/05\/forbes-logo-ca-800x800.jpg 800w, https:\/\/gerardohuertas.com\/wp-content\/uploads\/2023\/05\/forbes-logo-ca.jpg 1024w\" sizes=\"(max-width: 1024px) 100vw, (max-width: 727px) 100vw, 600px\" \/><\/a><\/span><\/div><\/div><\/div><\/div><\/div><div class=\"fusion-fullwidth fullwidth-box fusion-builder-row-5 fusion-flex-container nonhundred-percent-fullwidth non-hundred-percent-height-scrolling\" style=\"--awb-border-radius-top-left:0px;--awb-border-radius-top-right:0px;--awb-border-radius-bottom-right:0px;--awb-border-radius-bottom-left:0px;--awb-padding-top:0%;--awb-padding-bottom:;--awb-padding-top-medium:30px;--awb-padding-bottom-medium:60px;--awb-padding-bottom-small:0px;--awb-margin-top:0px;--awb-flex-wrap:wrap;\" ><div class=\"fusion-builder-row fusion-row fusion-flex-align-items-center fusion-flex-content-wrap\" style=\"max-width:1206.4px;margin-left: calc(-4% \/ 2 );margin-right: calc(-4% \/ 2 );\"><div class=\"fusion-layout-column fusion_builder_column fusion-builder-column-6 fusion_builder_column_2_5 2_5 fusion-flex-column fusion-animated\" style=\"--awb-bg-blend:overlay;--awb-bg-size:cover;--awb-width-large:40%;--awb-margin-top-large:25px;--awb-spacing-right-large:4.8%;--awb-margin-bottom-large:25px;--awb-spacing-left-large:4.8%;--awb-width-medium:50%;--awb-spacing-right-medium:3.84%;--awb-spacing-left-medium:3.84%;--awb-width-small:100%;--awb-spacing-right-small:1.92%;--awb-spacing-left-small:1.92%;\" data-animationType=\"fadeInRight\" data-animationDuration=\"0.8\" data-animationOffset=\"top-into-view\"><div class=\"fusion-column-wrapper fusion-flex-justify-content-flex-start fusion-content-layout-block\"><div class=\"fusion-text fusion-text-3\" style=\"--awb-font-size:24px;--awb-line-height:1.6em;--awb-letter-spacing:-0.5px;--awb-text-transform:none;\"><p><strong>Resumen de mi background.<\/strong><\/p>\n<p>Tengo 4 pasiones que me llevaron a emprender en el a\u00f1o 2013, con tan s\u00f3lo 19 a\u00f1os de edad. <span style=\"font-family: var(--awb-text-font-family); font-size: var(--awb-font-size); font-style: var(--awb-text-font-style); letter-spacing: var(--awb-letter-spacing); text-align: var(--awb-content-alignment); text-transform: var(--awb-text-transform);\">La <\/span><b style=\"font-family: var(--awb-text-font-family); font-size: var(--awb-font-size); font-style: var(--awb-text-font-style); letter-spacing: var(--awb-letter-spacing); text-align: var(--awb-content-alignment); text-transform: var(--awb-text-transform);\">educaci\u00f3n<\/b><span style=\"font-family: var(--awb-text-font-family); font-size: var(--awb-font-size); font-style: var(--awb-text-font-style); letter-spacing: var(--awb-letter-spacing); text-align: var(--awb-content-alignment); text-transform: var(--awb-text-transform);\">, el <\/span><b style=\"font-family: var(--awb-text-font-family); font-size: var(--awb-font-size); font-style: var(--awb-text-font-style); letter-spacing: var(--awb-letter-spacing); text-align: var(--awb-content-alignment); text-transform: var(--awb-text-transform);\">emprendimiento<\/b><span style=\"font-family: var(--awb-text-font-family); font-size: var(--awb-font-size); font-style: var(--awb-text-font-style); letter-spacing: var(--awb-letter-spacing); text-align: var(--awb-content-alignment); text-transform: var(--awb-text-transform);\">, la <\/span><b style=\"font-family: var(--awb-text-font-family); font-size: var(--awb-font-size); font-style: var(--awb-text-font-style); letter-spacing: var(--awb-letter-spacing); text-align: var(--awb-content-alignment); text-transform: var(--awb-text-transform);\">innovaci\u00f3n<\/b><span style=\"font-family: var(--awb-text-font-family); font-size: var(--awb-font-size); font-style: var(--awb-text-font-style); letter-spacing: var(--awb-letter-spacing); text-align: var(--awb-content-alignment); text-transform: var(--awb-text-transform);\"> y los <\/span><b style=\"font-family: var(--awb-text-font-family); font-size: var(--awb-font-size); font-style: var(--awb-text-font-style); letter-spacing: var(--awb-letter-spacing); text-align: var(--awb-content-alignment); text-transform: var(--awb-text-transform);\">deportes<\/b><span style=\"font-family: var(--awb-text-font-family); font-size: var(--awb-font-size); font-style: var(--awb-text-font-style); letter-spacing: var(--awb-letter-spacing); text-align: var(--awb-content-alignment); text-transform: var(--awb-text-transform);\">.<\/span><\/p>\n<p><i>\u00c9stas pasiones fueron importantes para mi camino de \u00abemprendedor con prop\u00f3sito\u00bb, que inici\u00f3 con la<\/i> constituci\u00f3n de la Asociaci\u00f3n de J\u00f3venes Emprendedores AJOEM. <b><i>El resto es historia.<\/i><\/b><\/p>\n<\/div><div class=\"fusion-separator fusion-full-width-sep\" style=\"align-self: center;margin-left: auto;margin-right: auto;margin-top:10px;width:100%;\"><\/div><\/div><\/div><div class=\"fusion-layout-column fusion_builder_column fusion-builder-column-7 fusion_builder_column_1_2 1_2 fusion-flex-column fusion-flex-align-self-flex-start fusion-animated\" style=\"--awb-bg-blend:overlay;--awb-bg-size:cover;--awb-width-large:50%;--awb-margin-top-large:25px;--awb-spacing-right-large:3.84%;--awb-margin-bottom-large:25px;--awb-spacing-left-large:3.84%;--awb-width-medium:50%;--awb-spacing-right-medium:3.84%;--awb-spacing-left-medium:3.84%;--awb-width-small:100%;--awb-spacing-right-small:1.92%;--awb-spacing-left-small:1.92%;\" data-animationType=\"fadeInLeft\" data-animationDuration=\"0.8\" data-animationOffset=\"top-into-view\"><div class=\"fusion-column-wrapper fusion-flex-justify-content-center fusion-content-layout-column\"><div class=\"fusion-image-element \" style=\"text-align:center;--awb-caption-title-font-family:var(--h2_typography-font-family);--awb-caption-title-font-weight:var(--h2_typography-font-weight);--awb-caption-title-font-style:var(--h2_typography-font-style);--awb-caption-title-size:var(--h2_typography-font-size);--awb-caption-title-transform:var(--h2_typography-text-transform);--awb-caption-title-line-height:var(--h2_typography-line-height);--awb-caption-title-letter-spacing:var(--h2_typography-letter-spacing);\"><span class=\" fusion-imageframe imageframe-none imageframe-5 hover-type-none\"><a href=\"https:\/\/gerardohuertas.com\/wp-content\/uploads\/2025\/08\/Gerardo-Huertas-2.webp\" class=\"fusion-lightbox\" data-rel=\"iLightbox[c0413e8c40bd27da7eb]\" data-title=\"Gerardo-Huertas-2\" title=\"Gerardo-Huertas-2\"><img decoding=\"async\" width=\"1372\" height=\"1920\" src=\"https:\/\/gerardohuertas.com\/wp-content\/uploads\/2025\/08\/Gerardo-Huertas-2.webp\" alt class=\"img-responsive wp-image-1425\" srcset=\"https:\/\/gerardohuertas.com\/wp-content\/uploads\/2025\/08\/Gerardo-Huertas-2-200x280.webp 200w, https:\/\/gerardohuertas.com\/wp-content\/uploads\/2025\/08\/Gerardo-Huertas-2-400x560.webp 400w, https:\/\/gerardohuertas.com\/wp-content\/uploads\/2025\/08\/Gerardo-Huertas-2-600x840.webp 600w, https:\/\/gerardohuertas.com\/wp-content\/uploads\/2025\/08\/Gerardo-Huertas-2-800x1120.webp 800w, https:\/\/gerardohuertas.com\/wp-content\/uploads\/2025\/08\/Gerardo-Huertas-2-1200x1679.webp 1200w, https:\/\/gerardohuertas.com\/wp-content\/uploads\/2025\/08\/Gerardo-Huertas-2.webp 1372w\" sizes=\"(max-width: 1024px) 100vw, (max-width: 727px) 100vw, 600px\" \/><\/a><\/span><\/div><div class=\"fusion-separator fusion-full-width-sep\" style=\"align-self: center;margin-left: auto;margin-right: auto;margin-top:8px;width:100%;\"><\/div><\/div><\/div><\/div><\/div><div class=\"fusion-fullwidth fullwidth-box fusion-builder-row-6 fusion-flex-container has-pattern-background has-mask-background nonhundred-percent-fullwidth non-hundred-percent-height-scrolling\" style=\"--awb-border-radius-top-left:0px;--awb-border-radius-top-right:0px;--awb-border-radius-bottom-right:0px;--awb-border-radius-bottom-left:0px;--awb-flex-wrap:wrap;\" ><div class=\"fusion-builder-row fusion-row fusion-flex-align-items-flex-start fusion-flex-content-wrap\" style=\"max-width:1206.4px;margin-left: calc(-4% \/ 2 );margin-right: calc(-4% \/ 2 );\"><div class=\"fusion-layout-column fusion_builder_column fusion-builder-column-8 fusion_builder_column_1_1 1_1 fusion-flex-column\" style=\"--awb-bg-size:cover;--awb-width-large:100%;--awb-margin-top-large:25px;--awb-spacing-right-large:1.92%;--awb-margin-bottom-large:25px;--awb-spacing-left-large:1.92%;--awb-width-medium:100%;--awb-order-medium:0;--awb-spacing-right-medium:1.92%;--awb-spacing-left-medium:1.92%;--awb-width-small:100%;--awb-order-small:0;--awb-spacing-right-small:1.92%;--awb-spacing-left-small:1.92%;\"><div class=\"fusion-column-wrapper fusion-column-has-shadow fusion-flex-justify-content-center fusion-content-layout-column\"><div class=\"fusion-text fusion-text-4 fusion-text-no-margin\" style=\"--awb-margin-top:-35px;--awb-margin-bottom:-35px;\"><h2 style=\"text-align: center;\"><strong>Las pasiones que me llevaron a Emprender<\/strong><\/h2>\n<\/div><\/div><\/div><\/div><\/div><div class=\"fusion-fullwidth fullwidth-box fusion-builder-row-7 fusion-flex-container nonhundred-percent-fullwidth non-hundred-percent-height-scrolling\" style=\"--awb-border-radius-top-left:0px;--awb-border-radius-top-right:0px;--awb-border-radius-bottom-right:0px;--awb-border-radius-bottom-left:0px;--awb-padding-top:0%;--awb-padding-bottom:;--awb-padding-top-medium:30px;--awb-padding-bottom-medium:60px;--awb-margin-top:0px;--awb-margin-bottom:37px;--awb-flex-wrap:wrap;\" ><div class=\"fusion-builder-row fusion-row fusion-flex-align-items-center fusion-flex-content-wrap\" style=\"max-width:1206.4px;margin-left: calc(-4% \/ 2 );margin-right: calc(-4% \/ 2 );\"><div class=\"fusion-layout-column fusion_builder_column fusion-builder-column-9 fusion_builder_column_1_4 1_4 fusion-flex-column fusion-flex-align-self-stretch fusion-animated\" style=\"--awb-padding-top:40px;--awb-padding-right:24px;--awb-padding-bottom:30px;--awb-padding-left:40px;--awb-bg-color:var(--awb-color4);--awb-bg-color-hover:var(--awb-color4);--awb-bg-blend:overlay;--awb-bg-size:cover;--awb-border-color:rgba(255,255,255,0.15);--awb-border-top:1px;--awb-border-right:1px;--awb-border-bottom:1px;--awb-border-left:1px;--awb-border-style:solid;--awb-width-large:25%;--awb-margin-top-large:0px;--awb-spacing-right-large:5.376%;--awb-margin-bottom-large:0px;--awb-spacing-left-large:7.68%;--awb-width-medium:50%;--awb-spacing-right-medium:2.688%;--awb-spacing-left-medium:3.84%;--awb-width-small:100%;--awb-margin-top-small:16px;--awb-spacing-right-small:1.92%;--awb-margin-bottom-small:16px;--awb-spacing-left-small:1.92%;\" data-animationType=\"fadeIn\" data-animationDuration=\"0.8\" data-animationOffset=\"top-into-view\"><div class=\"fusion-column-wrapper fusion-flex-justify-content-flex-start fusion-content-layout-column\"><i class=\"fb-icon-element-1 fb-icon-element fontawesome-icon fa-chalkboard-teacher fas circle-yes\" style=\"--awb-iconcolor:var(--awb-color4);--awb-iconcolor-hover:var(--awb-color4);--awb-circlecolor:var(--awb-color3);--awb-circlecolor-hover:rgba(65,47,205,0.8);--awb-circlebordercolor-hover:rgba(255,255,255,0);--awb-circlebordersize:1px;--awb-font-size:29.04px;--awb-width:58.08px;--awb-height:58.08px;--awb-line-height:56.08px;--awb-align-self:center;--awb-margin-top:0px;--awb-margin-right:0px;--awb-margin-bottom:16px;--awb-margin-left:0px;\"><\/i><div class=\"fusion-title title fusion-title-3 fusion-sep-none fusion-title-center fusion-title-text fusion-title-size-four\" style=\"--awb-text-color:#ffffff;--awb-margin-top:0px;--awb-margin-top-small:0px;--awb-margin-right-small:0px;--awb-margin-bottom-small:20px;--awb-margin-left-small:0px;\"><h4 class=\"fusion-title-heading title-heading-center fusion-responsive-typography-calculated\" style=\"margin:0;--fontSize:18;--minFontSize:18;line-height:1.5;\"><p style=\"text-align: center;\">La Educaci\u00f3n<\/p><\/h4><\/div><div class=\"fusion-text fusion-text-5\"><p style=\"color: var(--awb-color1); text-align: center;\">Un mecanismo para empoderar personas. Generar conocimientos, aprendizajes, nuevas experiencias, crecimiento personal, profesional y fortalecimiento de capacidades. <b>El enfoque es en el SER.<\/b><\/p>\n<\/div><\/div><\/div><div class=\"fusion-layout-column fusion_builder_column fusion-builder-column-10 fusion_builder_column_1_4 1_4 fusion-flex-column fusion-flex-align-self-stretch fusion-animated\" style=\"--awb-padding-top:40px;--awb-padding-right:30px;--awb-padding-bottom:30px;--awb-padding-left:40px;--awb-bg-color:var(--awb-color4);--awb-bg-color-hover:var(--awb-color4);--awb-bg-blend:overlay;--awb-bg-size:cover;--awb-border-color:rgba(255,255,255,0.15);--awb-border-top:1px;--awb-border-right:1px;--awb-border-bottom:1px;--awb-border-left:1px;--awb-border-style:solid;--awb-width-large:25%;--awb-margin-top-large:0px;--awb-spacing-right-large:7.68%;--awb-margin-bottom-large:0px;--awb-spacing-left-large:3.84%;--awb-width-medium:50%;--awb-spacing-right-medium:3.84%;--awb-spacing-left-medium:1.92%;--awb-width-small:100%;--awb-margin-top-small:16px;--awb-spacing-right-small:1.92%;--awb-margin-bottom-small:16px;--awb-spacing-left-small:1.92%;\" data-animationType=\"fadeIn\" data-animationDuration=\"0.8\" data-animationOffset=\"top-into-view\"><div class=\"fusion-column-wrapper fusion-flex-justify-content-flex-start fusion-content-layout-column\"><i class=\"fb-icon-element-2 fb-icon-element fontawesome-icon fa-chart-line fas circle-yes\" style=\"--awb-iconcolor:var(--awb-color4);--awb-iconcolor-hover:var(--awb-color4);--awb-circlecolor:var(--awb-color3);--awb-circlecolor-hover:rgba(65,47,205,0.8);--awb-circlebordercolor-hover:rgba(255,255,255,0);--awb-circlebordersize:1px;--awb-font-size:29.04px;--awb-width:58.08px;--awb-height:58.08px;--awb-line-height:56.08px;--awb-align-self:center;--awb-margin-top:0px;--awb-margin-right:0px;--awb-margin-bottom:16px;--awb-margin-left:0px;\"><\/i><div class=\"fusion-title title fusion-title-4 fusion-sep-none fusion-title-center fusion-title-text fusion-title-size-four\" style=\"--awb-text-color:#ffffff;--awb-margin-top:0px;--awb-margin-top-small:0px;--awb-margin-right-small:0px;--awb-margin-bottom-small:20px;--awb-margin-left-small:0px;\"><h4 class=\"fusion-title-heading title-heading-center fusion-responsive-typography-calculated\" style=\"margin:0;--fontSize:18;--minFontSize:18;line-height:1.5;\">El Emprendimiento<\/h4><\/div><div class=\"fusion-text fusion-text-6\"><p style=\"color: var(--awb-color1); text-align: center;\">Emprender es una forma de hacer arte. Existen muchas definiciones. Para m\u00ed es planificar y ejecutar. Es el llamado a la acci\u00f3n, dar el siguiente paso, crear soluciones, resolver problemas y generar valor agregado. <b>El enfoque es en el HACER.<\/b><\/p>\n<\/div><\/div><\/div><div class=\"fusion-layout-column fusion_builder_column fusion-builder-column-11 fusion_builder_column_1_4 1_4 fusion-flex-column fusion-animated\" style=\"--awb-padding-top:40px;--awb-padding-right:17px;--awb-padding-bottom:30px;--awb-padding-left:40px;--awb-bg-color:var(--awb-color4);--awb-bg-color-hover:var(--awb-color4);--awb-bg-blend:overlay;--awb-bg-size:cover;--awb-border-color:rgba(255,255,255,0.15);--awb-border-top:1px;--awb-border-right:1px;--awb-border-bottom:1px;--awb-border-left:1px;--awb-border-style:solid;--awb-width-large:25%;--awb-margin-top-large:0px;--awb-spacing-right-large:7.68%;--awb-margin-bottom-large:0px;--awb-spacing-left-large:2.688%;--awb-width-medium:50%;--awb-spacing-right-medium:3.84%;--awb-spacing-left-medium:1.344%;--awb-width-small:100%;--awb-margin-top-small:16px;--awb-spacing-right-small:1.92%;--awb-margin-bottom-small:16px;--awb-spacing-left-small:1.92%;\" data-animationType=\"fadeIn\" data-animationDuration=\"0.8\" data-animationOffset=\"top-into-view\"><div class=\"fusion-column-wrapper fusion-flex-justify-content-flex-start fusion-content-layout-column\"><i class=\"fb-icon-element-3 fb-icon-element fontawesome-icon fa-satellite fas circle-yes\" style=\"--awb-iconcolor:#f7cf09;--awb-iconcolor-hover:var(--awb-color4);--awb-circlecolor:var(--awb-color3);--awb-circlecolor-hover:rgba(65,47,205,0.8);--awb-circlebordercolor-hover:rgba(255,255,255,0);--awb-circlebordersize:1px;--awb-font-size:29.04px;--awb-width:58.08px;--awb-height:58.08px;--awb-line-height:56.08px;--awb-align-self:center;--awb-margin-top:0px;--awb-margin-right:0px;--awb-margin-bottom:16px;--awb-margin-left:0px;\"><\/i><div class=\"fusion-title title fusion-title-5 fusion-sep-none fusion-title-center fusion-title-text fusion-title-size-four\" style=\"--awb-text-color:#f7cf09;--awb-margin-top:0px;--awb-margin-top-small:0px;--awb-margin-right-small:0px;--awb-margin-bottom-small:20px;--awb-margin-left-small:0px;\"><h4 class=\"fusion-title-heading title-heading-center fusion-responsive-typography-calculated\" style=\"margin:0;--fontSize:18;--minFontSize:18;line-height:1.5;\">La Innovaci\u00f3n<\/h4><\/div><div class=\"fusion-text fusion-text-7\"><p style=\"text-align: center;\"><span style=\"color: #ffffff;\">La Innovaci\u00f3n para mi es una cultura. Un Mindset. Se debe centrar en las personas y en su capacidad de identificar mejoras, de ser creativo y conectar puntos que lleven a mejores resultados. Pensar fuera de la caja, desde lo tradicional hasta lo <span style=\"caret-color: #ffff00;\">disruptivo<\/span>. Todo se puede medir y mejorar.<\/span><\/p>\n<\/div><\/div><\/div><div class=\"fusion-layout-column fusion_builder_column fusion-builder-column-12 fusion_builder_column_1_4 1_4 fusion-flex-column fusion-flex-align-self-stretch fusion-animated\" style=\"--awb-padding-top:40px;--awb-padding-right:40px;--awb-padding-bottom:30px;--awb-padding-left:27px;--awb-bg-color:var(--awb-color4);--awb-bg-color-hover:var(--awb-color4);--awb-bg-blend:overlay;--awb-bg-size:cover;--awb-border-color:rgba(255,255,255,0.15);--awb-border-top:1px;--awb-border-right:1px;--awb-border-bottom:1px;--awb-border-left:1px;--awb-border-style:solid;--awb-width-large:25%;--awb-margin-top-large:0px;--awb-spacing-right-large:7.68%;--awb-margin-bottom-large:0px;--awb-spacing-left-large:0%;--awb-width-medium:50%;--awb-spacing-right-medium:3.84%;--awb-spacing-left-medium:0%;--awb-width-small:100%;--awb-margin-top-small:16px;--awb-spacing-right-small:1.92%;--awb-margin-bottom-small:16px;--awb-spacing-left-small:1.92%;\" data-animationType=\"fadeIn\" data-animationDuration=\"0.8\" data-animationOffset=\"top-into-view\"><div class=\"fusion-column-wrapper fusion-flex-justify-content-flex-start fusion-content-layout-column\"><i class=\"fb-icon-element-4 fb-icon-element fontawesome-icon fa-skiing fas circle-yes\" style=\"--awb-iconcolor:var(--awb-color4);--awb-iconcolor-hover:var(--awb-color4);--awb-circlecolor:var(--awb-color3);--awb-circlecolor-hover:rgba(65,47,205,0.8);--awb-circlebordercolor-hover:rgba(255,255,255,0);--awb-circlebordersize:1px;--awb-font-size:29.04px;--awb-width:58.08px;--awb-height:58.08px;--awb-line-height:56.08px;--awb-align-self:center;--awb-margin-top:0px;--awb-margin-right:0px;--awb-margin-bottom:16px;--awb-margin-left:0px;\"><\/i><div class=\"fusion-title title fusion-title-6 fusion-sep-none fusion-title-center fusion-title-text fusion-title-size-four\" style=\"--awb-text-color:#ffffff;--awb-margin-top:0px;--awb-margin-top-small:0px;--awb-margin-right-small:0px;--awb-margin-bottom-small:20px;--awb-margin-left-small:0px;\"><h4 class=\"fusion-title-heading title-heading-center fusion-responsive-typography-calculated\" style=\"margin:0;--fontSize:18;--minFontSize:18;line-height:1.5;\">Los Deportes<\/h4><\/div><div class=\"fusion-text fusion-text-8\"><p style=\"color: var(--awb-color1); text-align: center;\">Los deportes para m\u00ed, son un veh\u00edculo para ser m\u00e1s eficiente. Crear nuevos h\u00e1bitos que ayuden a mejorar el estado f\u00edsico, mantener la mente fresca y cuidar de mi salud. Si cuidamos de nuestro cuerpo, podremos rendir mucho m\u00e1s en lo que sea que hagamos.<\/p>\n<\/div><div class=\"fusion-separator\" style=\"align-self: center;margin-left: auto;margin-right: auto;flex-grow:5;margin-top:12px;margin-bottom:12px;width:100%;max-width:15px;\"><\/div><\/div><\/div><\/div><\/div><div class=\"fusion-bg-parallax\" data-bg-align=\"center center\" data-direction=\"down\" data-mute=\"false\" data-opacity=\"100\" data-velocity=\"-0.3\" data-mobile-enabled=\"false\" data-break_parents=\"0\" data-bg-image=\"https:\/\/gerardohuertas.com\/wp-content\/uploads\/2019\/01\/purble-background.png\" data-bg-repeat=\"false\" data-bg-color=\"#4d39e9\" ><\/div><div class=\"fusion-fullwidth fullwidth-box fusion-builder-row-8 fusion-flex-container fusion-parallax-down nonhundred-percent-fullwidth non-hundred-percent-height-scrolling\" style=\"--awb-border-radius-top-left:0px;--awb-border-radius-top-right:0px;--awb-border-radius-bottom-right:0px;--awb-border-radius-bottom-left:0px;--awb-padding-top:8%;--awb-padding-bottom:8%;--awb-background-color:#4d39e9;--awb-background-image:url(&quot;https:\/\/gerardohuertas.com\/wp-content\/uploads\/2019\/01\/purble-background.png&quot;);--awb-background-size:cover;--awb-flex-wrap:wrap;\" ><div class=\"fusion-builder-row fusion-row fusion-flex-align-items-flex-start fusion-flex-content-wrap\" style=\"max-width:1206.4px;margin-left: calc(-4% \/ 2 );margin-right: calc(-4% \/ 2 );\"><div class=\"fusion-layout-column fusion_builder_column fusion-builder-column-13 fusion_builder_column_2_5 2_5 fusion-flex-column fusion-animated\" style=\"--awb-bg-blend:overlay;--awb-bg-size:cover;--awb-width-large:40%;--awb-margin-top-large:25px;--awb-spacing-right-large:5.76%;--awb-margin-bottom-large:0px;--awb-spacing-left-large:4.8%;--awb-width-medium:100%;--awb-spacing-right-medium:1.92%;--awb-margin-bottom-medium:10px;--awb-spacing-left-medium:1.92%;--awb-width-small:100%;--awb-spacing-right-small:1.92%;--awb-spacing-left-small:1.92%;\" data-animationType=\"fadeInLeft\" data-animationDuration=\"0.8\" data-animationOffset=\"top-into-view\"><div class=\"fusion-column-wrapper fusion-flex-justify-content-flex-start fusion-content-layout-column\"><div class=\"fusion-title title fusion-title-7 fusion-sep-none fusion-title-text fusion-title-size-two\" style=\"--awb-text-color:#ffffff;--awb-margin-top:0px;--awb-margin-bottom:0px;--awb-margin-top-small:0px;--awb-margin-right-small:0px;--awb-margin-bottom-small:20px;--awb-margin-left-small:0px;\"><h2 class=\"fusion-title-heading title-heading-left fusion-responsive-typography-calculated\" style=\"margin:0;--fontSize:46;line-height:1.25;\">Mi experiencia profesional<\/h2><\/div><\/div><\/div><div class=\"fusion-layout-column fusion_builder_column fusion-builder-column-14 fusion_builder_column_3_5 3_5 fusion-flex-column fusion-animated\" style=\"--awb-bg-blend:overlay;--awb-bg-size:cover;--awb-width-large:60%;--awb-margin-top-large:0px;--awb-spacing-right-large:3.2%;--awb-margin-bottom-large:10px;--awb-spacing-left-large:4.8%;--awb-width-medium:100%;--awb-spacing-right-medium:1.92%;--awb-spacing-left-medium:1.92%;--awb-width-small:100%;--awb-spacing-right-small:1.92%;--awb-spacing-left-small:1.92%;\" data-animationType=\"fadeInLeft\" data-animationDuration=\"0.8\" data-animationOffset=\"top-into-view\"><div class=\"fusion-column-wrapper fusion-flex-justify-content-flex-start fusion-content-layout-column\"><div class=\"fusion-separator fusion-no-small-visibility fusion-no-medium-visibility fusion-full-width-sep\" style=\"align-self: center;margin-left: auto;margin-right: auto;margin-top:20px;width:100%;\"><\/div><div class=\"fusion-text fusion-text-9\" style=\"--awb-font-size:24px;--awb-line-height:1.6em;--awb-letter-spacing:-0.5px;--awb-text-transform:none;--awb-text-color:#ffffff;\"><p>M\u00e1s de 12 a\u00f1os de experiencia profesional en sectores de Ingenier\u00eda de software, Desarrollo de Negocios, Innovaci\u00f3n corporativa, Alianzas comerciales, Comercio Electr\u00f3nico, Gesti\u00f3n de programas educativos, Ecosistemas de emprendimiento, Responsabilidad Social Empresarial e Innovaci\u00f3n Social.<\/p>\n<\/div><\/div><\/div><div class=\"fusion-layout-column fusion_builder_column fusion-builder-column-15 fusion_builder_column_1_3 1_3 fusion-flex-column fusion-animated\" style=\"--awb-padding-top:40px;--awb-padding-right:40px;--awb-padding-bottom:30px;--awb-padding-left:40px;--awb-bg-blend:overlay;--awb-bg-size:cover;--awb-border-color:rgba(255,255,255,0.15);--awb-border-top:1px;--awb-border-right:1px;--awb-border-bottom:1px;--awb-border-left:1px;--awb-border-style:solid;--awb-width-large:33.333333333333%;--awb-margin-top-large:25px;--awb-spacing-right-large:5.76%;--awb-margin-bottom-large:25px;--awb-spacing-left-large:5.76%;--awb-width-medium:50%;--awb-spacing-right-medium:3.84%;--awb-spacing-left-medium:3.84%;--awb-width-small:100%;--awb-margin-top-small:16px;--awb-spacing-right-small:1.92%;--awb-margin-bottom-small:16px;--awb-spacing-left-small:1.92%;\" data-animationType=\"fadeIn\" data-animationDuration=\"0.8\" data-animationOffset=\"top-into-view\"><div class=\"fusion-column-wrapper fusion-flex-justify-content-flex-start fusion-content-layout-column\"><i class=\"fb-icon-element-5 fb-icon-element fontawesome-icon fa-archway fas circle-yes fusion-text-flow\" style=\"--awb-circlecolor:rgba(65,47,205,0.8);--awb-circlecolor-hover:rgba(65,47,205,0.8);--awb-circlebordercolor-hover:rgba(255,255,255,0);--awb-circlebordersize:1px;--awb-font-size:22.88px;--awb-width:45.76px;--awb-height:45.76px;--awb-line-height:43.76px;--awb-margin-bottom:16px;\"><\/i><div class=\"fusion-title title fusion-title-8 fusion-sep-none fusion-title-text fusion-title-size-four\" style=\"--awb-text-color:#ffffff;--awb-margin-top:0px;--awb-margin-top-small:0px;--awb-margin-right-small:0px;--awb-margin-bottom-small:20px;--awb-margin-left-small:0px;\"><h4 class=\"fusion-title-heading title-heading-left fusion-responsive-typography-calculated\" style=\"margin:0;--fontSize:18;--minFontSize:18;line-height:1.5;\">Fundador &#8211; Asociaci\u00f3n de J\u00f3venes Emprendedores AJOEM<\/h4><\/div><div class=\"fusion-text fusion-text-10\"><p><span style=\"color: #ffffff; font-family: var(--body_typography-font-family);\"><span style=\"font-style: var(--body_typography-font-style,normal); letter-spacing: var(--body_typography-letter-spacing);\">Desde el a\u00f1o 2014, un grupo de j\u0301\u00f3venes iniciamos la Asociaci\u00f3n de J\u00f3venes Emprendedores AJOEM, bajo el Lema \u00abEd\u00facate para Emprender\u00bb, resaltando la importancia de la educaci\u00f3n como mecanismo para <\/span><\/span><span style=\"color: #ffffff;\"><span style=\"caret-color: #ffffff;\">empoderar<\/span><\/span><span style=\"color: #ffffff; font-family: var(--body_typography-font-family);\"><span style=\"font-style: var(--body_typography-font-style,normal); letter-spacing: var(--body_typography-letter-spacing);\"> j\u00f3venes y el emprendimiento como un llamado a la acci\u00f3n. Resolver problemas y generar valor.<\/span><\/span><\/p>\n<\/div><\/div><\/div><div class=\"fusion-layout-column fusion_builder_column fusion-builder-column-16 fusion_builder_column_1_3 1_3 fusion-flex-column fusion-animated\" style=\"--awb-padding-top:40px;--awb-padding-right:40px;--awb-padding-bottom:30px;--awb-padding-left:40px;--awb-bg-blend:overlay;--awb-bg-size:cover;--awb-border-color:rgba(255,255,255,0.15);--awb-border-top:1px;--awb-border-right:1px;--awb-border-bottom:1px;--awb-border-left:1px;--awb-border-style:solid;--awb-width-large:33.333333333333%;--awb-margin-top-large:25px;--awb-spacing-right-large:5.76%;--awb-margin-bottom-large:25px;--awb-spacing-left-large:5.76%;--awb-width-medium:50%;--awb-spacing-right-medium:3.84%;--awb-spacing-left-medium:3.84%;--awb-width-small:100%;--awb-margin-top-small:16px;--awb-spacing-right-small:1.92%;--awb-margin-bottom-small:16px;--awb-spacing-left-small:1.92%;\" data-animationType=\"fadeIn\" data-animationDuration=\"0.8\" data-animationOffset=\"top-into-view\"><div class=\"fusion-column-wrapper fusion-flex-justify-content-flex-start fusion-content-layout-column\"><i class=\"fb-icon-element-6 fb-icon-element fontawesome-icon fa-code fas circle-yes fusion-text-flow\" style=\"--awb-circlecolor:rgba(65,47,205,0.8);--awb-circlecolor-hover:rgba(65,47,205,0.8);--awb-circlebordercolor-hover:rgba(255,255,255,0);--awb-circlebordersize:1px;--awb-font-size:22.88px;--awb-width:45.76px;--awb-height:45.76px;--awb-line-height:43.76px;--awb-margin-bottom:16px;\"><\/i><div class=\"fusion-title title fusion-title-9 fusion-sep-none fusion-title-text fusion-title-size-four\" style=\"--awb-text-color:#ffffff;--awb-margin-top:0px;--awb-margin-top-small:0px;--awb-margin-right-small:0px;--awb-margin-bottom-small:20px;--awb-margin-left-small:0px;\"><h4 class=\"fusion-title-heading title-heading-left fusion-responsive-typography-calculated\" style=\"margin:0;--fontSize:18;--minFontSize:18;line-height:1.5;\">Fundador &#8211; Latam Tech Services (Ex Panama Virtual Business)<\/h4><\/div><div class=\"fusion-text fusion-text-11\"><p><span style=\"color: #ffffff; font-family: var(--body_typography-font-family); font-size: var(--body_typography-font-size); font-style: var(--body_typography-font-style,normal); font-weight: var(--body_typography-font-weight); letter-spacing: var(--body_typography-letter-spacing);\">Desde el a\u00f1o 2015, mi pasi\u00f3n por la innovaci\u00f3n me llev\u00f3 a iniciar la empresa Panama Virtual Business, como un grupo de consultores y expertos en innovaci\u00f3n y especialistas en ingenier\u00eda de Software. Con una amplia gama de servicios y productos desde ERP, CRM, E-Learning, entre otros. Panam\u00e1, USA, Israel y Latam.<\/span><\/p>\n<\/div><\/div><\/div><div class=\"fusion-layout-column fusion_builder_column fusion-builder-column-17 fusion_builder_column_1_3 1_3 fusion-flex-column fusion-animated\" style=\"--awb-padding-top:40px;--awb-padding-right:40px;--awb-padding-bottom:30px;--awb-padding-left:40px;--awb-bg-blend:overlay;--awb-bg-size:cover;--awb-border-color:rgba(255,255,255,0.15);--awb-border-top:1px;--awb-border-right:1px;--awb-border-bottom:1px;--awb-border-left:1px;--awb-border-style:solid;--awb-width-large:33.333333333333%;--awb-margin-top-large:25px;--awb-spacing-right-large:5.76%;--awb-margin-bottom-large:25px;--awb-spacing-left-large:5.76%;--awb-width-medium:50%;--awb-spacing-right-medium:3.84%;--awb-spacing-left-medium:3.84%;--awb-width-small:100%;--awb-margin-top-small:16px;--awb-spacing-right-small:1.92%;--awb-margin-bottom-small:16px;--awb-spacing-left-small:1.92%;\" data-animationType=\"fadeIn\" data-animationDuration=\"0.8\" data-animationOffset=\"top-into-view\"><div class=\"fusion-column-wrapper fusion-flex-justify-content-flex-start fusion-content-layout-column\"><i class=\"fb-icon-element-7 fb-icon-element fontawesome-icon fa-cart-plus fas circle-yes fusion-text-flow\" style=\"--awb-circlecolor:rgba(65,47,205,0.8);--awb-circlecolor-hover:rgba(65,47,205,0.8);--awb-circlebordercolor-hover:rgba(255,255,255,0);--awb-circlebordersize:1px;--awb-font-size:22.88px;--awb-width:45.76px;--awb-height:45.76px;--awb-line-height:43.76px;--awb-margin-bottom:16px;\"><\/i><div class=\"fusion-title title fusion-title-10 fusion-sep-none fusion-title-text fusion-title-size-four\" style=\"--awb-text-color:#ffffff;--awb-margin-top:0px;--awb-margin-top-small:0px;--awb-margin-right-small:0px;--awb-margin-bottom-small:20px;--awb-margin-left-small:0px;\"><h4 class=\"fusion-title-heading title-heading-left fusion-responsive-typography-calculated\" style=\"margin:0;--fontSize:18;--minFontSize:18;line-height:1.5;\">Co-Fundador, Director de Tecnolog\u00eda &#8211; ALL IN OFFICE PTY<\/h4><\/div><div class=\"fusion-text fusion-text-12\"><p><span style=\"color: #ffffff;\">Co fundador y Director de tecnolog\u00eda &amp; E-Commerce de la empresa ALL IN OFFICE PTY, dedicada a la fabricaci\u00f3n, comercializaci\u00f3n y reparaci\u00f3n de mobiliario de oficina de alta calidad.<\/span><\/p>\n<\/div><\/div><\/div><div class=\"fusion-layout-column fusion_builder_column fusion-builder-column-18 fusion_builder_column_1_3 1_3 fusion-flex-column fusion-animated\" style=\"--awb-padding-top:40px;--awb-padding-right:40px;--awb-padding-bottom:30px;--awb-padding-left:40px;--awb-bg-blend:overlay;--awb-bg-size:cover;--awb-border-color:rgba(255,255,255,0.15);--awb-border-top:1px;--awb-border-right:1px;--awb-border-bottom:1px;--awb-border-left:1px;--awb-border-style:solid;--awb-width-large:33.333333333333%;--awb-margin-top-large:25px;--awb-spacing-right-large:5.76%;--awb-margin-bottom-large:25px;--awb-spacing-left-large:5.76%;--awb-width-medium:50%;--awb-spacing-right-medium:3.84%;--awb-spacing-left-medium:3.84%;--awb-width-small:100%;--awb-margin-top-small:16px;--awb-spacing-right-small:1.92%;--awb-margin-bottom-small:16px;--awb-spacing-left-small:1.92%;\" data-animationType=\"fadeIn\" data-animationDuration=\"0.8\" data-animationOffset=\"top-into-view\"><div class=\"fusion-column-wrapper fusion-flex-justify-content-flex-start fusion-content-layout-column\"><i class=\"fb-icon-element-8 fb-icon-element fontawesome-icon fa-address-card fas circle-yes fusion-text-flow\" style=\"--awb-circlecolor:rgba(65,47,205,0.8);--awb-circlecolor-hover:rgba(65,47,205,0.8);--awb-circlebordercolor-hover:rgba(255,255,255,0);--awb-circlebordersize:1px;--awb-font-size:22.88px;--awb-width:45.76px;--awb-height:45.76px;--awb-line-height:43.76px;--awb-margin-bottom:16px;\"><\/i><div class=\"fusion-title title fusion-title-11 fusion-sep-none fusion-title-text fusion-title-size-four\" style=\"--awb-text-color:#ffffff;--awb-margin-top:0px;--awb-margin-top-small:0px;--awb-margin-right-small:0px;--awb-margin-bottom-small:20px;--awb-margin-left-small:0px;\"><h4 class=\"fusion-title-heading title-heading-left fusion-responsive-typography-calculated\" style=\"margin:0;--fontSize:18;--minFontSize:18;line-height:1.5;\">Programa profesional Fulbright \/ Young Leader of the Americas<\/h4><\/div><div class=\"fusion-text fusion-text-13\"><p><span style=\"color: rgba(255, 255, 255, 0.701960784313725);\"><span style=\"color: #ffffff;\">Finalista de la beca Fulbright del Programa de J\u00f3venes L\u00edderes de las Americas YLAI 2016, programa creado por el Presidente Barack Obama, organizado por US Department Of State &amp; Meridean Entrepreneurship Center, Washington DC, Portland, Dallas TX.<\/span><\/span><\/p>\n<\/div><\/div><\/div><div class=\"fusion-layout-column fusion_builder_column fusion-builder-column-19 fusion_builder_column_1_3 1_3 fusion-flex-column fusion-animated\" style=\"--awb-padding-top:40px;--awb-padding-right:40px;--awb-padding-bottom:30px;--awb-padding-left:40px;--awb-bg-blend:overlay;--awb-bg-size:cover;--awb-border-color:rgba(255,255,255,0.15);--awb-border-top:1px;--awb-border-right:1px;--awb-border-bottom:1px;--awb-border-left:1px;--awb-border-style:solid;--awb-width-large:33.333333333333%;--awb-margin-top-large:25px;--awb-spacing-right-large:5.76%;--awb-margin-bottom-large:25px;--awb-spacing-left-large:5.76%;--awb-width-medium:50%;--awb-spacing-right-medium:3.84%;--awb-spacing-left-medium:3.84%;--awb-width-small:100%;--awb-margin-top-small:16px;--awb-spacing-right-small:1.92%;--awb-margin-bottom-small:16px;--awb-spacing-left-small:1.92%;\" data-animationType=\"fadeIn\" data-animationDuration=\"0.8\" data-animationOffset=\"top-into-view\"><div class=\"fusion-column-wrapper fusion-flex-justify-content-flex-start fusion-content-layout-column\"><i class=\"fb-icon-element-9 fb-icon-element fontawesome-icon fa-vote-yea fas circle-yes fusion-text-flow\" style=\"--awb-circlecolor:rgba(65,47,205,0.8);--awb-circlecolor-hover:rgba(65,47,205,0.8);--awb-circlebordercolor-hover:rgba(255,255,255,0);--awb-circlebordersize:1px;--awb-font-size:22.88px;--awb-width:45.76px;--awb-height:45.76px;--awb-line-height:43.76px;--awb-margin-bottom:16px;\"><\/i><div class=\"fusion-title title fusion-title-12 fusion-sep-none fusion-title-text fusion-title-size-four\" style=\"--awb-text-color:#ffffff;--awb-margin-top:0px;--awb-margin-top-small:0px;--awb-margin-right-small:0px;--awb-margin-bottom-small:20px;--awb-margin-left-small:0px;\"><h4 class=\"fusion-title-heading title-heading-left fusion-responsive-typography-calculated\" style=\"margin:0;--fontSize:18;--minFontSize:18;line-height:1.5;\">Fundador &#8211; Alianza para impulsar el emprendimiento en Panam\u00e1<\/h4><\/div><div class=\"fusion-text fusion-text-14\"><p><span style=\"color: #ffffff;\">Una alianza p\u00fablico-privada apoyada por m\u00e1s de 20 organizaciones, que forma un ecosistema de emprendimiento e innovaci\u00f3n enfocado en facilitar el desarrollo de negocios, con inversi\u00f3n, acompa\u00f1amiento y asesor\u00eda.<\/span><\/p>\n<\/div><\/div><\/div><div class=\"fusion-layout-column fusion_builder_column fusion-builder-column-20 fusion_builder_column_1_3 1_3 fusion-flex-column fusion-animated\" style=\"--awb-padding-top:40px;--awb-padding-right:40px;--awb-padding-bottom:30px;--awb-padding-left:40px;--awb-bg-blend:overlay;--awb-bg-size:cover;--awb-border-color:rgba(255,255,255,0.15);--awb-border-top:1px;--awb-border-right:1px;--awb-border-bottom:1px;--awb-border-left:1px;--awb-border-style:solid;--awb-width-large:33.333333333333%;--awb-margin-top-large:25px;--awb-spacing-right-large:5.76%;--awb-margin-bottom-large:25px;--awb-spacing-left-large:5.76%;--awb-width-medium:50%;--awb-spacing-right-medium:3.84%;--awb-spacing-left-medium:3.84%;--awb-width-small:100%;--awb-margin-top-small:16px;--awb-spacing-right-small:1.92%;--awb-margin-bottom-small:16px;--awb-spacing-left-small:1.92%;\" data-animationType=\"fadeIn\" data-animationDuration=\"0.8\" data-animationOffset=\"top-into-view\"><div class=\"fusion-column-wrapper fusion-flex-justify-content-flex-start fusion-content-layout-column\"><i class=\"fb-icon-element-10 fb-icon-element fontawesome-icon fa-allergies fas circle-yes fusion-text-flow\" style=\"--awb-circlecolor:rgba(65,47,205,0.8);--awb-circlecolor-hover:rgba(65,47,205,0.8);--awb-circlebordercolor-hover:rgba(255,255,255,0);--awb-circlebordersize:1px;--awb-font-size:22.88px;--awb-width:45.76px;--awb-height:45.76px;--awb-line-height:43.76px;--awb-margin-bottom:16px;\"><\/i><div class=\"fusion-title title fusion-title-13 fusion-sep-none fusion-title-text fusion-title-size-four\" style=\"--awb-text-color:#ffffff;--awb-margin-top:0px;--awb-margin-top-small:0px;--awb-margin-right-small:0px;--awb-margin-bottom-small:20px;--awb-margin-left-small:0px;\"><h4 class=\"fusion-title-heading title-heading-left fusion-responsive-typography-calculated\" style=\"margin:0;--fontSize:18;--minFontSize:18;line-height:1.5;\">Miembro fundador &#8211; Consejo Nacional de Emprendimiento de Panam\u00e1<\/h4><\/div><div class=\"fusion-text fusion-text-15\"><p><span style=\"color: #ffffff;\">Desde el a\u00f1o 2015 soy parte de las mesas t\u00e1cticas, t\u00e9cnicas y operativas del Ecosistema Emprendedor de Panam\u00e1. Siendo uno de los pocos j\u00f3venes, realic\u00e9 aportes constructivos en la formulaci\u00f3n de la pol\u00edtica nacional de emprendimiento, \u00abPanam\u00e1 Emprende y crece\u00bb, que di\u00f3 inicio al Consejo Nacional por el Emprendimiento.<\/span><\/p>\n<\/div><\/div><\/div><div class=\"fusion-layout-column fusion_builder_column fusion-builder-column-21 fusion_builder_column_1_3 1_3 fusion-flex-column fusion-animated\" style=\"--awb-padding-top:40px;--awb-padding-right:40px;--awb-padding-bottom:30px;--awb-padding-left:40px;--awb-bg-blend:overlay;--awb-bg-size:cover;--awb-border-color:rgba(255,255,255,0.15);--awb-border-top:1px;--awb-border-right:1px;--awb-border-bottom:1px;--awb-border-left:1px;--awb-border-style:solid;--awb-width-large:33.333333333333%;--awb-margin-top-large:25px;--awb-spacing-right-large:5.76%;--awb-margin-bottom-large:25px;--awb-spacing-left-large:5.76%;--awb-width-medium:50%;--awb-spacing-right-medium:3.84%;--awb-spacing-left-medium:3.84%;--awb-width-small:100%;--awb-margin-top-small:16px;--awb-spacing-right-small:1.92%;--awb-margin-bottom-small:16px;--awb-spacing-left-small:1.92%;\" data-animationType=\"fadeIn\" data-animationDuration=\"0.8\" data-animationOffset=\"top-into-view\"><div class=\"fusion-column-wrapper fusion-flex-justify-content-flex-start fusion-content-layout-column\"><i class=\"fb-icon-element-11 fb-icon-element fontawesome-icon fa-microphone fas circle-yes fusion-text-flow\" style=\"--awb-circlecolor:rgba(65,47,205,0.8);--awb-circlecolor-hover:rgba(65,47,205,0.8);--awb-circlebordercolor-hover:rgba(255,255,255,0);--awb-circlebordersize:1px;--awb-font-size:22.88px;--awb-width:45.76px;--awb-height:45.76px;--awb-line-height:43.76px;--awb-margin-bottom:16px;\"><\/i><div class=\"fusion-title title fusion-title-14 fusion-sep-none fusion-title-text fusion-title-size-four\" style=\"--awb-text-color:#ffffff;--awb-margin-top:0px;--awb-margin-top-small:0px;--awb-margin-right-small:0px;--awb-margin-bottom-small:20px;--awb-margin-left-small:0px;\"><h4 class=\"fusion-title-heading title-heading-left fusion-responsive-typography-calculated\" style=\"margin:0;--fontSize:18;--minFontSize:18;line-height:1.5;\">Coordinador &#8211; Eje de Fomento \u00abServicios para el crecimiento\u00bb del Consejo Nacional de Emprendimiento de Panam\u00e1 (2016 &#8211; 2020)<\/h4><\/div><div class=\"fusion-text fusion-text-16\"><p><span style=\"color: #ffffff;\">Debido a nuestro compromiso con el emprendimiento y la juventud, AJOEM fue votado por mayor\u00eda para liderar el Eje de Fomento del Consejo Nacional de Emprendimiento, donde participan m\u00e1s de 60 gremios y organizaciones civiles, p\u00fablicas y privadas.<\/span><\/p>\n<\/div><\/div><\/div><div class=\"fusion-layout-column fusion_builder_column fusion-builder-column-22 fusion_builder_column_1_3 1_3 fusion-flex-column fusion-animated\" style=\"--awb-padding-top:40px;--awb-padding-right:40px;--awb-padding-bottom:30px;--awb-padding-left:40px;--awb-bg-blend:overlay;--awb-bg-size:cover;--awb-border-color:rgba(255,255,255,0.15);--awb-border-top:1px;--awb-border-right:1px;--awb-border-bottom:1px;--awb-border-left:1px;--awb-border-style:solid;--awb-width-large:33.333333333333%;--awb-margin-top-large:25px;--awb-spacing-right-large:5.76%;--awb-margin-bottom-large:25px;--awb-spacing-left-large:5.76%;--awb-width-medium:50%;--awb-spacing-right-medium:3.84%;--awb-spacing-left-medium:3.84%;--awb-width-small:100%;--awb-margin-top-small:16px;--awb-spacing-right-small:1.92%;--awb-margin-bottom-small:16px;--awb-spacing-left-small:1.92%;\" data-animationType=\"fadeIn\" data-animationDuration=\"0.8\" data-animationOffset=\"top-into-view\"><div class=\"fusion-column-wrapper fusion-flex-justify-content-flex-start fusion-content-layout-column\"><i class=\"fb-icon-element-12 fb-icon-element fontawesome-icon fa-braille fas circle-yes fusion-text-flow\" style=\"--awb-circlecolor:rgba(65,47,205,0.8);--awb-circlecolor-hover:rgba(65,47,205,0.8);--awb-circlebordercolor-hover:rgba(255,255,255,0);--awb-circlebordersize:1px;--awb-font-size:22.88px;--awb-width:45.76px;--awb-height:45.76px;--awb-line-height:43.76px;--awb-margin-bottom:16px;\"><\/i><div class=\"fusion-title title fusion-title-15 fusion-sep-none fusion-title-text fusion-title-size-four\" style=\"--awb-text-color:#ffffff;--awb-margin-top:0px;--awb-margin-top-small:0px;--awb-margin-right-small:0px;--awb-margin-bottom-small:20px;--awb-margin-left-small:0px;\"><h4 class=\"fusion-title-heading title-heading-left fusion-responsive-typography-calculated\" style=\"margin:0;--fontSize:18;--minFontSize:18;line-height:1.5;\">Programa Profesional &#8211; MASHAV INTERNATIONAL<\/h4><\/div><div class=\"fusion-text fusion-text-17\"><p><span style=\"color: #ffffff;\">Finalista de la beca Mashav del Programa de Innovaci\u00f3n y Aceleraci\u00f3n de StartUps en el Ecosistema de Emprendimiento, por el Mashav Internacional Development Cooperation Agency &amp; Ministry of Foreign Affairs. Tel Aviv, Haifa, Jerusalem.<\/span><\/p>\n<\/div><\/div><\/div><div class=\"fusion-layout-column fusion_builder_column fusion-builder-column-23 fusion_builder_column_1_3 1_3 fusion-flex-column fusion-animated\" style=\"--awb-padding-top:40px;--awb-padding-right:40px;--awb-padding-bottom:30px;--awb-padding-left:40px;--awb-bg-blend:overlay;--awb-bg-size:cover;--awb-border-color:rgba(255,255,255,0.15);--awb-border-top:1px;--awb-border-right:1px;--awb-border-bottom:1px;--awb-border-left:1px;--awb-border-style:solid;--awb-width-large:33.333333333333%;--awb-margin-top-large:25px;--awb-spacing-right-large:5.76%;--awb-margin-bottom-large:25px;--awb-spacing-left-large:5.76%;--awb-width-medium:50%;--awb-spacing-right-medium:3.84%;--awb-spacing-left-medium:3.84%;--awb-width-small:100%;--awb-margin-top-small:16px;--awb-spacing-right-small:1.92%;--awb-margin-bottom-small:16px;--awb-spacing-left-small:1.92%;\" data-animationType=\"fadeIn\" data-animationDuration=\"0.8\" data-animationOffset=\"top-into-view\"><div class=\"fusion-column-wrapper fusion-flex-justify-content-flex-start fusion-content-layout-column\"><i class=\"fb-icon-element-13 fb-icon-element fontawesome-icon fa-aws fab circle-yes fusion-text-flow\" style=\"--awb-circlecolor:rgba(65,47,205,0.8);--awb-circlecolor-hover:rgba(65,47,205,0.8);--awb-circlebordercolor-hover:rgba(255,255,255,0);--awb-circlebordersize:1px;--awb-font-size:22.88px;--awb-width:45.76px;--awb-height:45.76px;--awb-line-height:43.76px;--awb-margin-bottom:16px;\"><\/i><div class=\"fusion-title title fusion-title-16 fusion-sep-none fusion-title-text fusion-title-size-four\" style=\"--awb-text-color:#ffffff;--awb-margin-top:0px;--awb-margin-top-small:0px;--awb-margin-right-small:0px;--awb-margin-bottom-small:20px;--awb-margin-left-small:0px;\"><h4 class=\"fusion-title-heading title-heading-left fusion-responsive-typography-calculated\" style=\"margin:0;--fontSize:18;--minFontSize:18;line-height:1.5;\">Desarrollador Full Stack<\/h4><\/div><div class=\"fusion-text fusion-text-18\"><p><span style=\"color: #ffffff;\">Me apasiona el aprendizaje continuo y las nuevas tecnolog\u00edas. Desde el a\u00f1o 2018 aprend\u00ed de dise\u00f1o y desarrollo web responsive, me he convertido en un desarrollador JR full Stack, manejando el backend y frontend de m\u00faltiples aplicativos web. HTML5, CSS3, Php, Laravel, Python, Javascript, React JS, Django, Amazon Web services, NodeJS.<\/span><\/p>\n<\/div><\/div><\/div><div class=\"fusion-layout-column fusion_builder_column fusion-builder-column-24 fusion_builder_column_1_3 1_3 fusion-flex-column fusion-animated\" style=\"--awb-padding-top:40px;--awb-padding-right:40px;--awb-padding-bottom:30px;--awb-padding-left:40px;--awb-bg-blend:overlay;--awb-bg-size:cover;--awb-border-color:rgba(255,255,255,0.15);--awb-border-top:1px;--awb-border-right:1px;--awb-border-bottom:1px;--awb-border-left:1px;--awb-border-style:solid;--awb-width-large:33.333333333333%;--awb-margin-top-large:25px;--awb-spacing-right-large:5.76%;--awb-margin-bottom-large:25px;--awb-spacing-left-large:5.76%;--awb-width-medium:50%;--awb-spacing-right-medium:3.84%;--awb-spacing-left-medium:3.84%;--awb-width-small:100%;--awb-margin-top-small:16px;--awb-spacing-right-small:1.92%;--awb-margin-bottom-small:16px;--awb-spacing-left-small:1.92%;\" data-animationType=\"fadeIn\" data-animationDuration=\"0.8\" data-animationOffset=\"top-into-view\"><div class=\"fusion-column-wrapper fusion-flex-justify-content-flex-start fusion-content-layout-column\"><i class=\"fb-icon-element-14 fb-icon-element fontawesome-icon fa-medal fas circle-yes fusion-text-flow\" style=\"--awb-circlecolor:rgba(65,47,205,0.8);--awb-circlecolor-hover:rgba(65,47,205,0.8);--awb-circlebordercolor-hover:rgba(255,255,255,0);--awb-circlebordersize:1px;--awb-font-size:22.88px;--awb-width:45.76px;--awb-height:45.76px;--awb-line-height:43.76px;--awb-margin-bottom:16px;\"><\/i><div class=\"fusion-title title fusion-title-17 fusion-sep-none fusion-title-text fusion-title-size-four\" style=\"--awb-text-color:#ffffff;--awb-margin-top:0px;--awb-margin-top-small:0px;--awb-margin-right-small:0px;--awb-margin-bottom-small:20px;--awb-margin-left-small:0px;\"><h4 class=\"fusion-title-heading title-heading-left fusion-responsive-typography-calculated\" style=\"margin:0;--fontSize:18;--minFontSize:18;line-height:1.5;\">Consultor &#8211; Innovaci\u00f3n y Emprendimiento &#8211; Quality Leadership University of Panama QLU<\/h4><\/div><div class=\"fusion-text fusion-text-19\"><p><span style=\"color: rgba(255, 255, 255, 0.701960784313725);\"><span style=\"color: #ffffff;\">Actualmente soy Consultor de Emprendimiento e Innovaci\u00f3n en la Quality Leadership University, participando en el dise\u00f1o, ejecuci\u00f3n y medici\u00f3n de programas de formaci\u00f3n, incubaci\u00f3n y aceleraci\u00f3n de empresas y StartUps con QLU.<\/span><\/span><\/p>\n<\/div><\/div><\/div><div class=\"fusion-layout-column fusion_builder_column fusion-builder-column-25 fusion_builder_column_1_3 1_3 fusion-flex-column fusion-animated\" style=\"--awb-padding-top:40px;--awb-padding-right:40px;--awb-padding-bottom:30px;--awb-padding-left:40px;--awb-bg-blend:overlay;--awb-bg-size:cover;--awb-border-color:rgba(255,255,255,0.15);--awb-border-top:1px;--awb-border-right:1px;--awb-border-bottom:1px;--awb-border-left:1px;--awb-border-style:solid;--awb-width-large:33.333333333333%;--awb-margin-top-large:25px;--awb-spacing-right-large:5.76%;--awb-margin-bottom-large:25px;--awb-spacing-left-large:5.76%;--awb-width-medium:50%;--awb-spacing-right-medium:3.84%;--awb-spacing-left-medium:3.84%;--awb-width-small:100%;--awb-margin-top-small:16px;--awb-spacing-right-small:1.92%;--awb-margin-bottom-small:16px;--awb-spacing-left-small:1.92%;\" data-animationType=\"fadeIn\" data-animationDuration=\"0.8\" data-animationOffset=\"top-into-view\"><div class=\"fusion-column-wrapper fusion-flex-justify-content-flex-start fusion-content-layout-column\"><i class=\"fb-icon-element-15 fb-icon-element fontawesome-icon fa-wifi fas circle-yes fusion-text-flow\" style=\"--awb-circlecolor:rgba(65,47,205,0.8);--awb-circlecolor-hover:rgba(65,47,205,0.8);--awb-circlebordercolor-hover:rgba(255,255,255,0);--awb-circlebordersize:1px;--awb-font-size:22.88px;--awb-width:45.76px;--awb-height:45.76px;--awb-line-height:43.76px;--awb-margin-bottom:16px;\"><\/i><div class=\"fusion-title title fusion-title-18 fusion-sep-none fusion-title-text fusion-title-size-four\" style=\"--awb-text-color:#ffffff;--awb-margin-top:0px;--awb-margin-top-small:0px;--awb-margin-right-small:0px;--awb-margin-bottom-small:20px;--awb-margin-left-small:0px;\"><h4 class=\"fusion-title-heading title-heading-left fusion-responsive-typography-calculated\" style=\"margin:0;--fontSize:18;--minFontSize:18;line-height:1.5;\">Consultor de Innovaci\u00f3n &#8211; Independiente<\/h4><\/div><div class=\"fusion-text fusion-text-20\"><p><span style=\"color: rgba(255, 255, 255, 0.701960784313725);\"><span style=\"color: #ffffff;\">He participado en la transformaci\u00f3n digital de m\u00faltiples empresas a t\u00edtulo personal, identificando oportunidades de optimizaci\u00f3n, disrupci\u00f3n y generando estrategias para lograr una cultura de innovaci\u00f3n desde la base de la estructura empresarial, <b>la gente<\/b>.<\/span><\/span><\/p>\n<\/div><\/div><\/div><div class=\"fusion-layout-column fusion_builder_column fusion-builder-column-26 fusion_builder_column_1_3 1_3 fusion-flex-column fusion-animated\" style=\"--awb-padding-top:40px;--awb-padding-right:40px;--awb-padding-bottom:30px;--awb-padding-left:40px;--awb-bg-blend:overlay;--awb-bg-size:cover;--awb-border-color:rgba(255,255,255,0.15);--awb-border-top:1px;--awb-border-right:1px;--awb-border-bottom:1px;--awb-border-left:1px;--awb-border-style:solid;--awb-width-large:33.333333333333%;--awb-margin-top-large:25px;--awb-spacing-right-large:5.76%;--awb-margin-bottom-large:25px;--awb-spacing-left-large:5.76%;--awb-width-medium:50%;--awb-spacing-right-medium:3.84%;--awb-spacing-left-medium:3.84%;--awb-width-small:100%;--awb-margin-top-small:16px;--awb-spacing-right-small:1.92%;--awb-margin-bottom-small:16px;--awb-spacing-left-small:1.92%;\" data-animationType=\"fadeIn\" data-animationDuration=\"0.8\" data-animationOffset=\"top-into-view\"><div class=\"fusion-column-wrapper fusion-flex-justify-content-flex-start fusion-content-layout-column\"><i class=\"fb-icon-element-16 fb-icon-element fontawesome-icon fa-chalkboard-teacher fas circle-yes fusion-text-flow\" style=\"--awb-circlecolor:rgba(65,47,205,0.8);--awb-circlecolor-hover:rgba(65,47,205,0.8);--awb-circlebordercolor-hover:rgba(255,255,255,0);--awb-circlebordersize:1px;--awb-font-size:22.88px;--awb-width:45.76px;--awb-height:45.76px;--awb-line-height:43.76px;--awb-margin-bottom:16px;\"><\/i><div class=\"fusion-title title fusion-title-19 fusion-sep-none fusion-title-text fusion-title-size-four\" style=\"--awb-text-color:#ffffff;--awb-margin-top:0px;--awb-margin-top-small:0px;--awb-margin-right-small:0px;--awb-margin-bottom-small:20px;--awb-margin-left-small:0px;\"><h4 class=\"fusion-title-heading title-heading-left fusion-responsive-typography-calculated\" style=\"margin:0;--fontSize:18;--minFontSize:18;line-height:1.5;\">Conferencista Internacional<\/h4><\/div><div class=\"fusion-text fusion-text-21\"><p><span style=\"color: #ffffff;\">M\u00e1s de 100 horas de conferencias a nivel de Panam\u00e1, Estados Unidos e Israel, compartiendo temas relativos al Emprendimiento, la Educaci\u00f3n y la Innovaci\u00f3n.<\/span><\/p>\n<\/div><\/div><\/div><div class=\"fusion-layout-column fusion_builder_column fusion-builder-column-27 fusion_builder_column_1_3 1_3 fusion-flex-column fusion-animated\" style=\"--awb-padding-top:40px;--awb-padding-right:40px;--awb-padding-bottom:30px;--awb-padding-left:40px;--awb-bg-blend:overlay;--awb-bg-size:cover;--awb-border-color:rgba(255,255,255,0.15);--awb-border-top:1px;--awb-border-right:1px;--awb-border-bottom:1px;--awb-border-left:1px;--awb-border-style:solid;--awb-width-large:33.333333333333%;--awb-margin-top-large:25px;--awb-spacing-right-large:5.76%;--awb-margin-bottom-large:25px;--awb-spacing-left-large:5.76%;--awb-width-medium:50%;--awb-spacing-right-medium:3.84%;--awb-spacing-left-medium:3.84%;--awb-width-small:100%;--awb-margin-top-small:16px;--awb-spacing-right-small:1.92%;--awb-margin-bottom-small:16px;--awb-spacing-left-small:1.92%;\" data-animationType=\"fadeIn\" data-animationDuration=\"0.8\" data-animationOffset=\"top-into-view\"><div class=\"fusion-column-wrapper fusion-flex-justify-content-flex-start fusion-content-layout-column\"><i class=\"fb-icon-element-17 fb-icon-element fontawesome-icon fa-business-time fas circle-yes fusion-text-flow\" style=\"--awb-circlecolor:rgba(65,47,205,0.8);--awb-circlecolor-hover:rgba(65,47,205,0.8);--awb-circlebordercolor-hover:rgba(255,255,255,0);--awb-circlebordersize:1px;--awb-font-size:22.88px;--awb-width:45.76px;--awb-height:45.76px;--awb-line-height:43.76px;--awb-margin-bottom:16px;\"><\/i><div class=\"fusion-title title fusion-title-20 fusion-sep-none fusion-title-text fusion-title-size-four\" style=\"--awb-text-color:#ffffff;--awb-margin-top:0px;--awb-margin-top-small:0px;--awb-margin-right-small:0px;--awb-margin-bottom-small:20px;--awb-margin-left-small:0px;\"><h4 class=\"fusion-title-heading title-heading-left fusion-responsive-typography-calculated\" style=\"margin:0;--fontSize:18;--minFontSize:18;line-height:1.5;\">Presentaciones Ejecutivas y Alianzas Corporativas<\/h4><\/div><div class=\"fusion-text fusion-text-22\"><p><span style=\"color: #ffffff; font-family: var(--body_typography-font-family); font-size: var(--body_typography-font-size); font-style: var(--body_typography-font-style,normal); font-weight: var(--body_typography-font-weight); letter-spacing: var(--body_typography-letter-spacing);\">Mi experiencia liderando alianzas p\u00fablico-privadas me ha llevado a participar y liderar importantes alianzas corporativas y presentar m\u00faltiples iniciativas para altos ejecutivos a nivel nacional e internacional.<\/span><\/p>\n<\/div><\/div><\/div><div class=\"fusion-layout-column fusion_builder_column fusion-builder-column-28 fusion_builder_column_1_3 1_3 fusion-flex-column fusion-animated\" style=\"--awb-padding-top:40px;--awb-padding-right:40px;--awb-padding-bottom:30px;--awb-padding-left:40px;--awb-bg-blend:overlay;--awb-bg-size:cover;--awb-border-color:rgba(255,255,255,0.15);--awb-border-top:1px;--awb-border-right:1px;--awb-border-bottom:1px;--awb-border-left:1px;--awb-border-style:solid;--awb-width-large:33.333333333333%;--awb-margin-top-large:25px;--awb-spacing-right-large:5.76%;--awb-margin-bottom-large:25px;--awb-spacing-left-large:5.76%;--awb-width-medium:50%;--awb-spacing-right-medium:3.84%;--awb-spacing-left-medium:3.84%;--awb-width-small:100%;--awb-margin-top-small:16px;--awb-spacing-right-small:1.92%;--awb-margin-bottom-small:16px;--awb-spacing-left-small:1.92%;\" data-animationType=\"fadeIn\" data-animationDuration=\"0.8\" data-animationOffset=\"top-into-view\"><div class=\"fusion-column-wrapper fusion-flex-justify-content-flex-start fusion-content-layout-column\"><i class=\"fb-icon-element-18 fb-icon-element fontawesome-icon fa-headset fas circle-yes fusion-text-flow\" style=\"--awb-circlecolor:rgba(65,47,205,0.8);--awb-circlecolor-hover:rgba(65,47,205,0.8);--awb-circlebordercolor-hover:rgba(255,255,255,0);--awb-circlebordersize:1px;--awb-font-size:22.88px;--awb-width:45.76px;--awb-height:45.76px;--awb-line-height:43.76px;--awb-margin-bottom:16px;\"><\/i><div class=\"fusion-title title fusion-title-21 fusion-sep-none fusion-title-text fusion-title-size-four\" style=\"--awb-text-color:#ffffff;--awb-margin-top:0px;--awb-margin-top-small:0px;--awb-margin-right-small:0px;--awb-margin-bottom-small:20px;--awb-margin-left-small:0px;\"><h4 class=\"fusion-title-heading title-heading-left fusion-responsive-typography-calculated\" style=\"margin:0;--fontSize:18;--minFontSize:18;line-height:1.5;\">Consultor de Pol\u00edticas P\u00fablicas &#8211; Emprendimiento<\/h4><\/div><div class=\"fusion-text fusion-text-23\"><p><span style=\"color: #ffffff;\">Actualmente soy Consultor de la Pol\u00edtica Regional Mi Pyme de la Regi\u00f3n SICA (Proyecto auspiciado por la Uni\u00f3n Europea y desarrollado por el <span style=\"caret-color: #ffffff;\">Centro<\/span> para la promoci\u00f3n de la Micro, Peque\u00f1a y Mediana empresa CENPROMYPE.<\/span><\/p>\n<\/div><\/div><\/div><div class=\"fusion-layout-column fusion_builder_column fusion-builder-column-29 fusion_builder_column_1_3 1_3 fusion-flex-column fusion-animated\" style=\"--awb-padding-top:40px;--awb-padding-right:40px;--awb-padding-bottom:30px;--awb-padding-left:40px;--awb-bg-blend:overlay;--awb-bg-size:cover;--awb-border-color:rgba(255,255,255,0.15);--awb-border-top:1px;--awb-border-right:1px;--awb-border-bottom:1px;--awb-border-left:1px;--awb-border-style:solid;--awb-width-large:33.333333333333%;--awb-margin-top-large:25px;--awb-spacing-right-large:5.76%;--awb-margin-bottom-large:25px;--awb-spacing-left-large:5.76%;--awb-width-medium:50%;--awb-spacing-right-medium:3.84%;--awb-spacing-left-medium:3.84%;--awb-width-small:100%;--awb-margin-top-small:16px;--awb-spacing-right-small:1.92%;--awb-margin-bottom-small:16px;--awb-spacing-left-small:1.92%;\" data-animationType=\"fadeIn\" data-animationDuration=\"0.8\" data-animationOffset=\"top-into-view\"><div class=\"fusion-column-wrapper fusion-flex-justify-content-flex-start fusion-content-layout-column\"><i class=\"fb-icon-element-19 fb-icon-element fontawesome-icon fa-chalkboard-teacher fas circle-yes fusion-text-flow\" style=\"--awb-circlecolor:rgba(65,47,205,0.8);--awb-circlecolor-hover:rgba(65,47,205,0.8);--awb-circlebordercolor-hover:rgba(255,255,255,0);--awb-circlebordersize:1px;--awb-font-size:22.88px;--awb-width:45.76px;--awb-height:45.76px;--awb-line-height:43.76px;--awb-margin-bottom:16px;\"><\/i><div class=\"fusion-title title fusion-title-22 fusion-sep-none fusion-title-text fusion-title-size-four\" style=\"--awb-text-color:#ffffff;--awb-margin-top:0px;--awb-margin-top-small:0px;--awb-margin-right-small:0px;--awb-margin-bottom-small:20px;--awb-margin-left-small:0px;\"><h4 class=\"fusion-title-heading title-heading-left fusion-responsive-typography-calculated\" style=\"margin:0;--fontSize:18;--minFontSize:18;line-height:1.5;\">Docente Universitario &#8211; Quality Leadership University (QLU Panam\u00e1)<\/h4><\/div><div class=\"fusion-text fusion-text-24\"><p><span style=\"color: #ffffff;\">Mi pasi\u00f3n por la educaci\u00f3n me llev\u00f3 a ser docente universitario en Quality Leadership University QLU, a cargo de la c\u00e1tedra de Empresariado. Fall Semester (Desde el a\u00f1o 2023 &#8211; Actualidad).<\/span><\/p>\n<\/div><\/div><\/div><\/div><\/div><div class=\"fusion-fullwidth fullwidth-box fusion-builder-row-9 fusion-flex-container fusion-parallax-none nonhundred-percent-fullwidth non-hundred-percent-height-scrolling\" style=\"--awb-border-radius-top-left:0px;--awb-border-radius-top-right:0px;--awb-border-radius-bottom-right:0px;--awb-border-radius-bottom-left:0px;--awb-padding-top:8%;--awb-padding-bottom:19%;--awb-margin-bottom:-10%;--awb-background-color:#1b2032;--awb-background-image:url(&quot;https:\/\/gerardohuertas.com\/wp-content\/uploads\/2020\/11\/IMG_0046-1024x768.png&quot;);--awb-background-size:cover;--awb-flex-wrap:wrap;\" ><div class=\"fusion-builder-row fusion-row fusion-flex-align-items-center fusion-flex-content-wrap\" style=\"max-width:1206.4px;margin-left: calc(-4% \/ 2 );margin-right: calc(-4% \/ 2 );\"><div class=\"fusion-layout-column fusion_builder_column fusion-builder-column-30 fusion_builder_column_1_4 1_4 fusion-flex-column fusion-no-small-visibility fusion-no-medium-visibility\" style=\"--awb-bg-blend:overlay;--awb-bg-size:cover;--awb-width-large:25%;--awb-margin-top-large:25px;--awb-spacing-right-large:7.68%;--awb-margin-bottom-large:25px;--awb-spacing-left-large:7.68%;--awb-width-medium:100%;--awb-spacing-right-medium:1.92%;--awb-spacing-left-medium:1.92%;--awb-width-small:100%;--awb-spacing-right-small:1.92%;--awb-spacing-left-small:1.92%;\"><div class=\"fusion-column-wrapper fusion-flex-justify-content-flex-start fusion-content-layout-column\"><\/div><\/div><div class=\"fusion-layout-column fusion_builder_column fusion-builder-column-31 fusion_builder_column_1_2 1_2 fusion-flex-column fusion-animated\" style=\"--awb-padding-right-medium:12%;--awb-padding-left-medium:12%;--awb-bg-blend:overlay;--awb-bg-size:cover;--awb-width-large:50%;--awb-margin-top-large:30px;--awb-spacing-right-large:3.84%;--awb-margin-bottom-large:30px;--awb-spacing-left-large:3.84%;--awb-width-medium:100%;--awb-spacing-right-medium:1.92%;--awb-spacing-left-medium:1.92%;--awb-width-small:100%;--awb-spacing-right-small:1.92%;--awb-spacing-left-small:1.92%;\" data-animationType=\"fadeInDown\" data-animationDuration=\"0.8\" data-animationOffset=\"top-into-view\"><div class=\"fusion-column-wrapper fusion-flex-justify-content-flex-start fusion-content-layout-column\"><div class=\"fusion-title title fusion-title-23 fusion-sep-none fusion-title-center fusion-title-text fusion-title-size-three\" style=\"--awb-text-color:#ffffff;--awb-margin-top-small:0px;--awb-margin-right-small:0px;--awb-margin-bottom-small:20px;--awb-margin-left-small:0px;\"><h3 class=\"fusion-title-heading title-heading-center fusion-responsive-typography-calculated\" style=\"margin:0;--fontSize:26;--minFontSize:26;line-height:1.3;\">Emprender es el Arte de Crear<\/h3><\/div><div class=\"fusion-text fusion-text-25\" style=\"--awb-content-alignment:center;--awb-font-size:24px;--awb-line-height:1.6em;--awb-letter-spacing:-0.5px;--awb-text-color:#ffffff;\"><p>Para mi, el emprendimiento es una forma de crear arte, se resuelven problemas, se construyen proyectos y se genera valor agregado. Emprender es dar el paso adicional, dise\u00f1ando el futuro que quisieras ver. Todo se resume en: Planificar, Ejecutar y Medir.<\/p>\n<\/div><div class=\"fusion-separator fusion-full-width-sep\" style=\"align-self: center;margin-left: auto;margin-right: auto;margin-top:10px;width:100%;\"><\/div><div style=\"text-align:center;\"><a class=\"fusion-button button-flat fusion-button-default-size button-default fusion-button-default button-1 fusion-button-default-span fusion-button-default-type\" target=\"_blank\" rel=\"noopener noreferrer\" href=\"https:\/\/gerardohuertas.com\/?page_id=14\"><i class=\"fa-paper-plane fas awb-button__icon awb-button__icon--default button-icon-left\" aria-hidden=\"true\"><\/i><span class=\"fusion-button-text awb-button__text awb-button__text--default\">Quiero conocer m\u00e1s<\/span><\/a><\/div><\/div><\/div><div class=\"fusion-layout-column fusion_builder_column fusion-builder-column-32 fusion_builder_column_1_4 1_4 fusion-flex-column fusion-no-small-visibility fusion-no-medium-visibility\" style=\"--awb-bg-blend:overlay;--awb-bg-size:cover;--awb-width-large:25%;--awb-margin-top-large:25px;--awb-spacing-right-large:7.68%;--awb-margin-bottom-large:25px;--awb-spacing-left-large:7.68%;--awb-width-medium:100%;--awb-spacing-right-medium:1.92%;--awb-spacing-left-medium:1.92%;--awb-width-small:100%;--awb-spacing-right-small:1.92%;--awb-spacing-left-small:1.92%;\"><div class=\"fusion-column-wrapper fusion-flex-justify-content-flex-start fusion-content-layout-column\"><\/div><\/div><\/div><\/div><div class=\"fusion-fullwidth fullwidth-box fusion-builder-row-10 fusion-flex-container nonhundred-percent-fullwidth non-hundred-percent-height-scrolling\" style=\"--awb-border-radius-top-left:0px;--awb-border-radius-top-right:0px;--awb-border-radius-bottom-right:0px;--awb-border-radius-bottom-left:0px;--awb-flex-wrap:wrap;\" ><div class=\"fusion-builder-row fusion-row fusion-flex-align-items-flex-start fusion-flex-content-wrap\" style=\"max-width:1206.4px;margin-left: calc(-4% \/ 2 );margin-right: calc(-4% \/ 2 );\"><div class=\"fusion-layout-column fusion_builder_column fusion-builder-column-33 fusion_builder_column_1_2 1_2 fusion-flex-column fusion-column-inner-bg-wrapper fusion-column-hover-type-liftup fusion-column-liftup-border fusion-animated\" style=\"--awb-padding-top:10%;--awb-padding-right:16%;--awb-padding-bottom:10%;--awb-padding-left:16%;--awb-inner-bg-color:#ffffff;--awb-inner-bg-color-hover:#ffffff;--awb-inner-bg-size:cover;--awb-width-large:50%;--awb-margin-top-large:0px;--awb-spacing-right-large:2px;--awb-margin-bottom-large:0px;--awb-spacing-left-large:3.84%;--awb-width-medium:50%;--awb-spacing-right-medium:2px;--awb-spacing-left-medium:3.84%;--awb-width-small:100%;--awb-spacing-right-small:1.92%;--awb-spacing-left-small:1.92%;\" data-animationType=\"fadeIn\" data-animationDuration=\"0.8\" data-animationOffset=\"top-into-view\"><span class=\"fusion-column-inner-bg hover-type-liftup\"><span class=\"fusion-column-anchor\"><span class=\"fusion-column-inner-bg-image\"><\/span><\/span><\/span><div class=\"fusion-column-wrapper fusion-flex-justify-content-flex-start fusion-content-layout-column\"><div class=\"fusion-title title fusion-title-24 fusion-sep-none fusion-title-center fusion-title-text fusion-title-size-three\" style=\"--awb-text-color:#4d39e9;--awb-margin-bottom:0px;--awb-margin-top-small:0px;--awb-margin-right-small:0px;--awb-margin-bottom-small:20px;--awb-margin-left-small:0px;--awb-font-size:5em;\"><h3 class=\"fusion-title-heading title-heading-center fusion-responsive-typography-calculated\" style=\"margin:0;letter-spacing:-2px;font-size:1em;--fontSize:90;line-height:1.3;\">+7,400<\/h3><\/div><div class=\"fusion-title title fusion-title-25 fusion-sep-none fusion-title-center fusion-title-text fusion-title-size-four\" style=\"--awb-margin-top:0px;--awb-margin-bottom:10px;--awb-margin-top-small:0px;--awb-margin-right-small:0px;--awb-margin-bottom-small:20px;--awb-margin-left-small:0px;\"><h4 class=\"fusion-title-heading title-heading-center fusion-responsive-typography-calculated\" style=\"margin:0;--fontSize:18;--minFontSize:18;line-height:1.5;\">J\u00f3venes capacitados por AJOEM<\/h4><\/div><div class=\"fusion-text fusion-text-26\" style=\"--awb-content-alignment:center;\"><p>Desde el a\u00f1o 2014, fund\u00e9 la Asociaci\u00f3n de J\u00f3venes Emprendedores de Panam\u00e1, que ha impactado m\u00e1s de 7,400 emprendedores a nivel nacional e internacional.<\/p>\n<\/div><\/div><\/div><div class=\"fusion-layout-column fusion_builder_column fusion-builder-column-34 fusion_builder_column_1_2 1_2 fusion-flex-column fusion-column-inner-bg-wrapper fusion-column-hover-type-liftup fusion-column-liftup-border fusion-animated\" style=\"--awb-padding-top:10%;--awb-padding-right:16%;--awb-padding-bottom:10%;--awb-padding-left:16%;--awb-inner-bg-color:#ffffff;--awb-inner-bg-color-hover:#ffffff;--awb-inner-bg-size:cover;--awb-width-large:50%;--awb-margin-top-large:0px;--awb-spacing-right-large:3.84%;--awb-margin-bottom-large:0px;--awb-spacing-left-large:2px;--awb-width-medium:50%;--awb-spacing-right-medium:3.84%;--awb-spacing-left-medium:2px;--awb-width-small:100%;--awb-spacing-right-small:1.92%;--awb-spacing-left-small:1.92%;\" data-animationType=\"fadeIn\" data-animationDuration=\"0.8\" data-animationOffset=\"top-into-view\"><span class=\"fusion-column-inner-bg hover-type-liftup\"><span class=\"fusion-column-anchor\"><span class=\"fusion-column-inner-bg-image\"><\/span><\/span><\/span><div class=\"fusion-column-wrapper fusion-flex-justify-content-flex-start fusion-content-layout-column\"><div class=\"fusion-title title fusion-title-26 fusion-sep-none fusion-title-center fusion-title-text fusion-title-size-three\" style=\"--awb-text-color:#4d39e9;--awb-margin-bottom:0px;--awb-margin-top-small:0px;--awb-margin-right-small:0px;--awb-margin-bottom-small:20px;--awb-margin-left-small:0px;--awb-font-size:5em;\"><h3 class=\"fusion-title-heading title-heading-center fusion-responsive-typography-calculated\" style=\"margin:0;letter-spacing:-2px;font-size:1em;--fontSize:90;line-height:1.3;\">+100 k<\/h3><\/div><div class=\"fusion-title title fusion-title-27 fusion-sep-none fusion-title-center fusion-title-text fusion-title-size-four\" style=\"--awb-margin-top:0px;--awb-margin-bottom:10px;--awb-margin-top-small:0px;--awb-margin-right-small:0px;--awb-margin-bottom-small:20px;--awb-margin-left-small:0px;\"><h4 class=\"fusion-title-heading title-heading-center fusion-responsive-typography-calculated\" style=\"margin:0;--fontSize:18;--minFontSize:18;line-height:1.5;\">En Financiamiento<\/h4><\/div><div class=\"fusion-text fusion-text-27\" style=\"--awb-content-alignment:center;\"><p>Para impulsar el emprendimiento en la juventud de Panam\u00e1<\/p>\n<\/div><\/div><\/div><\/div><\/div><div class=\"fusion-fullwidth fullwidth-box fusion-builder-row-11 fusion-flex-container hundred-percent-fullwidth non-hundred-percent-height-scrolling\" style=\"--awb-border-radius-top-left:0px;--awb-border-radius-top-right:0px;--awb-border-radius-bottom-right:0px;--awb-border-radius-bottom-left:0px;--awb-padding-right:0px;--awb-padding-left:0px;--awb-flex-wrap:wrap;\" ><div class=\"fusion-builder-row fusion-row fusion-flex-align-items-flex-start fusion-flex-content-wrap\" style=\"width:calc( 100% + 0px ) !important;max-width:calc( 100% + 0px ) !important;margin-left: calc(-0px \/ 2 );margin-right: calc(-0px \/ 2 );\"><div class=\"fusion-layout-column fusion_builder_column fusion-builder-column-35 fusion_builder_column_1_1 1_1 fusion-flex-column\" style=\"--awb-bg-blend:overlay;--awb-bg-size:cover;--awb-width-large:100%;--awb-margin-top-large:0px;--awb-spacing-right-large:0px;--awb-margin-bottom-large:0px;--awb-spacing-left-large:0px;--awb-width-medium:100%;--awb-spacing-right-medium:0px;--awb-spacing-left-medium:0px;--awb-width-small:100%;--awb-spacing-right-small:0px;--awb-spacing-left-small:0px;\"><div class=\"fusion-column-wrapper fusion-flex-justify-content-flex-start fusion-content-layout-column\"><div class=\"fusion-separator fusion-full-width-sep\" style=\"align-self: center;margin-left: auto;margin-right: auto;width:100%;\"><div class=\"fusion-separator-border sep-single sep-solid\" style=\"--awb-height:20px;--awb-amount:20px;border-color:#ecefef;border-top-width:1px;\"><\/div><\/div><\/div><\/div><\/div><\/div><div class=\"fusion-bg-parallax\" data-bg-align=\"center center\" data-direction=\"down\" data-mute=\"false\" data-opacity=\"100\" data-velocity=\"-0.3\" data-mobile-enabled=\"false\" data-break_parents=\"0\" data-bg-image=\"https:\/\/gerardohuertas.com\/wp-content\/uploads\/2019\/01\/purble-background.png\" data-bg-repeat=\"false\" data-bg-color=\"#4d39e9\" ><\/div><div class=\"fusion-fullwidth fullwidth-box fusion-builder-row-12 fusion-flex-container fusion-parallax-down nonhundred-percent-fullwidth non-hundred-percent-height-scrolling\" style=\"--awb-border-radius-top-left:0px;--awb-border-radius-top-right:0px;--awb-border-radius-bottom-right:0px;--awb-border-radius-bottom-left:0px;--awb-padding-top:8%;--awb-padding-bottom:8%;--awb-background-color:#4d39e9;--awb-background-image:url(&quot;https:\/\/gerardohuertas.com\/wp-content\/uploads\/2019\/01\/purble-background.png&quot;);--awb-background-size:cover;--awb-flex-wrap:wrap;\" ><div class=\"fusion-builder-row fusion-row fusion-flex-align-items-flex-start fusion-flex-content-wrap\" style=\"max-width:1206.4px;margin-left: calc(-4% \/ 2 );margin-right: calc(-4% \/ 2 );\"><div class=\"fusion-layout-column fusion_builder_column fusion-builder-column-36 fusion_builder_column_2_5 2_5 fusion-flex-column fusion-animated\" style=\"--awb-bg-blend:overlay;--awb-bg-size:cover;--awb-width-large:40%;--awb-margin-top-large:25px;--awb-spacing-right-large:5.76%;--awb-margin-bottom-large:0px;--awb-spacing-left-large:4.8%;--awb-width-medium:100%;--awb-spacing-right-medium:1.92%;--awb-margin-bottom-medium:10px;--awb-spacing-left-medium:1.92%;--awb-width-small:100%;--awb-spacing-right-small:1.92%;--awb-spacing-left-small:1.92%;\" data-animationType=\"fadeInLeft\" data-animationDuration=\"0.8\" data-animationOffset=\"top-into-view\"><div class=\"fusion-column-wrapper fusion-flex-justify-content-flex-start fusion-content-layout-column\"><div class=\"fusion-title title fusion-title-28 fusion-sep-none fusion-title-text fusion-title-size-two\" style=\"--awb-text-color:#ffffff;--awb-margin-top:0px;--awb-margin-bottom:0px;--awb-margin-top-small:0px;--awb-margin-right-small:0px;--awb-margin-bottom-small:20px;--awb-margin-left-small:0px;\"><h2 class=\"fusion-title-heading title-heading-left fusion-responsive-typography-calculated\" style=\"margin:0;--fontSize:46;line-height:1.25;\">Formaci\u00f3n Acad\u00e9mica<\/h2><\/div><\/div><\/div><div class=\"fusion-layout-column fusion_builder_column fusion-builder-column-37 fusion_builder_column_3_5 3_5 fusion-flex-column fusion-animated\" style=\"--awb-bg-blend:overlay;--awb-bg-size:cover;--awb-width-large:60%;--awb-margin-top-large:0px;--awb-spacing-right-large:3.2%;--awb-margin-bottom-large:10px;--awb-spacing-left-large:4.8%;--awb-width-medium:100%;--awb-spacing-right-medium:1.92%;--awb-spacing-left-medium:1.92%;--awb-width-small:100%;--awb-spacing-right-small:1.92%;--awb-spacing-left-small:1.92%;\" data-animationType=\"fadeInLeft\" data-animationDuration=\"0.8\" data-animationOffset=\"top-into-view\"><div class=\"fusion-column-wrapper fusion-flex-justify-content-flex-start fusion-content-layout-column\"><div class=\"fusion-separator fusion-no-small-visibility fusion-no-medium-visibility fusion-full-width-sep\" style=\"align-self: center;margin-left: auto;margin-right: auto;margin-top:20px;width:100%;\"><\/div><div class=\"fusion-text fusion-text-28\" style=\"--awb-font-size:24px;--awb-line-height:1.6em;--awb-letter-spacing:-0.5px;--awb-text-color:#ffffff;\"><p>Un poco de mi formaci\u00f3n acad\u00e9mica desde el inicio de mi trayectoria profesional, acumulando conocimientos t\u00e9cnicos que aplico todos los d\u00edas en mis proyectos, labores y gestiones profesionales. Siempre procurando mantenerme actualizado de las \u00faltimas tendencias y las mejores pr\u00e1cticas de la industria. \u00abNunca pares de aprender\u00bb &#8211; Platzi.<\/p>\n<\/div><\/div><\/div><div class=\"fusion-layout-column fusion_builder_column fusion-builder-column-38 fusion_builder_column_1_1 1_1 fusion-flex-column fusion-no-small-visibility fusion-no-medium-visibility\" style=\"--awb-bg-blend:overlay;--awb-bg-size:cover;--awb-width-large:100%;--awb-margin-top-large:25px;--awb-spacing-right-large:1.92%;--awb-margin-bottom-large:25px;--awb-spacing-left-large:1.92%;--awb-width-medium:100%;--awb-spacing-right-medium:1.92%;--awb-spacing-left-medium:1.92%;--awb-width-small:100%;--awb-spacing-right-small:1.92%;--awb-spacing-left-small:1.92%;\"><div class=\"fusion-column-wrapper fusion-flex-justify-content-flex-start fusion-content-layout-column\"><div class=\"fusion-separator fusion-no-small-visibility fusion-no-medium-visibility fusion-full-width-sep\" style=\"align-self: center;margin-left: auto;margin-right: auto;margin-top:10px;width:100%;\"><\/div><\/div><\/div><div class=\"fusion-layout-column fusion_builder_column fusion-builder-column-39 fusion_builder_column_1_3 1_3 fusion-flex-column fusion-animated\" style=\"--awb-bg-blend:overlay;--awb-bg-size:cover;--awb-width-large:33.333333333333%;--awb-margin-top-large:25px;--awb-spacing-right-large:14.4%;--awb-margin-bottom-large:25px;--awb-spacing-left-large:5.76%;--awb-width-medium:50%;--awb-spacing-right-medium:9.6%;--awb-spacing-left-medium:3.84%;--awb-width-small:100%;--awb-spacing-right-small:1.92%;--awb-spacing-left-small:1.92%;\" data-animationType=\"fadeInRight\" data-animationDuration=\"0.8\" data-animationOffset=\"top-into-view\"><div class=\"fusion-column-wrapper fusion-flex-justify-content-flex-start fusion-content-layout-column\"><div class=\"fusion-title title fusion-title-29 fusion-sep-none fusion-title-text fusion-title-size-three\" style=\"--awb-text-color:#ffffff;--awb-margin-bottom:15px;--awb-margin-top-small:0px;--awb-margin-right-small:0px;--awb-margin-bottom-small:20px;--awb-margin-left-small:0px;\"><h3 class=\"fusion-title-heading title-heading-left fusion-responsive-typography-calculated\" style=\"margin:0;--fontSize:26;--minFontSize:26;line-height:1.3;\">Lic. Comercio Internacional y Log\u00edstica<\/h3><\/div><div class=\"fusion-text fusion-text-29\" style=\"--awb-font-size:24px;--awb-line-height:1.6em;--awb-letter-spacing:-0.5px;--awb-text-color:#ffffff;\"><p>Universidad Latina de Panam\u00e1 (2012 &#8211; 2017)<\/p>\n<\/div><div class=\"fusion-separator fusion-full-width-sep\" style=\"align-self: center;margin-left: auto;margin-right: auto;margin-top:15px;margin-bottom:40px;width:100%;\"><\/div><\/div><\/div><div class=\"fusion-layout-column fusion_builder_column fusion-builder-column-40 fusion_builder_column_1_3 1_3 fusion-flex-column fusion-animated\" style=\"--awb-bg-blend:overlay;--awb-bg-size:cover;--awb-width-large:33.333333333333%;--awb-margin-top-large:25px;--awb-spacing-right-large:14.4%;--awb-margin-bottom-large:25px;--awb-spacing-left-large:5.76%;--awb-width-medium:50%;--awb-spacing-right-medium:9.6%;--awb-spacing-left-medium:3.84%;--awb-width-small:100%;--awb-spacing-right-small:1.92%;--awb-spacing-left-small:1.92%;\" data-animationType=\"fadeInRight\" data-animationDuration=\"0.8\" data-animationOffset=\"top-into-view\"><div class=\"fusion-column-wrapper fusion-flex-justify-content-flex-start fusion-content-layout-column\"><div class=\"fusion-title title fusion-title-30 fusion-sep-none fusion-title-text fusion-title-size-three\" style=\"--awb-text-color:#ffffff;--awb-margin-bottom:15px;--awb-margin-top-small:0px;--awb-margin-right-small:0px;--awb-margin-bottom-small:20px;--awb-margin-left-small:0px;\"><h3 class=\"fusion-title-heading title-heading-left fusion-responsive-typography-calculated\" style=\"margin:0;--fontSize:26;--minFontSize:26;line-height:1.3;\">Maestr\u00eda en Finanzas<\/h3><\/div><div class=\"fusion-text fusion-text-30\" style=\"--awb-font-size:24px;--awb-line-height:1.6em;--awb-letter-spacing:-0.5px;\"><p style=\"color: #ffffff;\">Universidad de Chile &#8211; Quality Leadership University (2020 &#8211; 2022)<\/p>\n<\/div><\/div><\/div><div class=\"fusion-layout-column fusion_builder_column fusion-builder-column-41 fusion_builder_column_1_3 1_3 fusion-flex-column fusion-animated\" style=\"--awb-bg-blend:overlay;--awb-bg-size:cover;--awb-width-large:33.333333333333%;--awb-margin-top-large:25px;--awb-spacing-right-large:14.4%;--awb-margin-bottom-large:25px;--awb-spacing-left-large:5.76%;--awb-width-medium:50%;--awb-spacing-right-medium:9.6%;--awb-spacing-left-medium:3.84%;--awb-width-small:100%;--awb-spacing-right-small:1.92%;--awb-spacing-left-small:1.92%;\" data-animationType=\"fadeInRight\" data-animationDuration=\"0.8\" data-animationOffset=\"top-into-view\"><div class=\"fusion-column-wrapper fusion-flex-justify-content-flex-start fusion-content-layout-column\"><div class=\"fusion-title title fusion-title-31 fusion-sep-none fusion-title-text fusion-title-size-three\" style=\"--awb-text-color:#ffffff;--awb-margin-bottom:15px;--awb-margin-top-small:0px;--awb-margin-right-small:0px;--awb-margin-bottom-small:20px;--awb-margin-left-small:0px;\"><h3 class=\"fusion-title-heading title-heading-left fusion-responsive-typography-calculated\" style=\"margin:0;--fontSize:26;--minFontSize:26;line-height:1.3;\">Especializaci\u00f3n en Docencia Superior<\/h3><\/div><div class=\"fusion-text fusion-text-31\" style=\"--awb-font-size:24px;--awb-line-height:1.6em;--awb-letter-spacing:-0.5px;\"><p style=\"color: #ffffff;\">Quality Leadership University (2023 &#8211; Curso)<\/p>\n<\/div><\/div><\/div><div class=\"fusion-layout-column fusion_builder_column fusion-builder-column-42 fusion_builder_column_1_3 1_3 fusion-flex-column fusion-animated\" style=\"--awb-bg-blend:overlay;--awb-bg-size:cover;--awb-width-large:33.333333333333%;--awb-margin-top-large:25px;--awb-spacing-right-large:14.4%;--awb-margin-bottom-large:25px;--awb-spacing-left-large:5.76%;--awb-width-medium:50%;--awb-spacing-right-medium:9.6%;--awb-spacing-left-medium:3.84%;--awb-width-small:100%;--awb-spacing-right-small:1.92%;--awb-spacing-left-small:1.92%;\" data-animationType=\"fadeInRight\" data-animationDuration=\"0.8\" data-animationOffset=\"top-into-view\"><div class=\"fusion-column-wrapper fusion-flex-justify-content-flex-start fusion-content-layout-column\"><div class=\"fusion-title title fusion-title-32 fusion-sep-none fusion-title-text fusion-title-size-three\" style=\"--awb-text-color:#ffffff;--awb-margin-bottom:15px;--awb-margin-top-small:0px;--awb-margin-right-small:0px;--awb-margin-bottom-small:20px;--awb-margin-left-small:0px;\"><h3 class=\"fusion-title-heading title-heading-left fusion-responsive-typography-calculated\" style=\"margin:0;--fontSize:26;--minFontSize:26;line-height:1.3;\">Lic. Derecho y Ciencias Pol\u00edticas<\/h3><\/div><div class=\"fusion-text fusion-text-32\" style=\"--awb-font-size:24px;--awb-line-height:1.6em;--awb-letter-spacing:-0.5px;--awb-text-color:#ffffff;\"><p>Universidad del Istmo (UDI), 2024 &#8211; curso<\/p>\n<\/div><\/div><\/div><div class=\"fusion-layout-column fusion_builder_column fusion-builder-column-43 fusion_builder_column_1_3 1_3 fusion-flex-column fusion-animated\" style=\"--awb-bg-blend:overlay;--awb-bg-size:cover;--awb-width-large:33.333333333333%;--awb-margin-top-large:25px;--awb-spacing-right-large:14.4%;--awb-margin-bottom-large:25px;--awb-spacing-left-large:5.76%;--awb-width-medium:50%;--awb-spacing-right-medium:9.6%;--awb-spacing-left-medium:3.84%;--awb-width-small:100%;--awb-spacing-right-small:1.92%;--awb-spacing-left-small:1.92%;\" data-animationType=\"fadeInRight\" data-animationDuration=\"0.8\" data-animationOffset=\"top-into-view\"><div class=\"fusion-column-wrapper fusion-flex-justify-content-flex-start fusion-content-layout-column\"><div class=\"fusion-title title fusion-title-33 fusion-sep-none fusion-title-text fusion-title-size-three\" style=\"--awb-text-color:#ffffff;--awb-margin-bottom:15px;--awb-margin-top-small:0px;--awb-margin-right-small:0px;--awb-margin-bottom-small:20px;--awb-margin-left-small:0px;\"><h3 class=\"fusion-title-heading title-heading-left fusion-responsive-typography-calculated\" style=\"margin:0;--fontSize:26;--minFontSize:26;line-height:1.3;\">Diplomado &#8211; Gesti\u00f3n &amp; Innovaci\u00f3n de Cooperativas<\/h3><\/div><div class=\"fusion-text fusion-text-33\" style=\"--awb-font-size:24px;--awb-line-height:1.6em;--awb-letter-spacing:-0.5px;--awb-text-color:#ffffff;\"><p>Universidad Santa Mar\u00eda la Antigua (USMA), 2020.<\/p>\n<\/div><\/div><\/div><div class=\"fusion-layout-column fusion_builder_column fusion-builder-column-44 fusion_builder_column_1_3 1_3 fusion-flex-column fusion-animated\" style=\"--awb-bg-blend:overlay;--awb-bg-size:cover;--awb-width-large:33.333333333333%;--awb-margin-top-large:25px;--awb-spacing-right-large:14.4%;--awb-margin-bottom-large:25px;--awb-spacing-left-large:5.76%;--awb-width-medium:50%;--awb-spacing-right-medium:9.6%;--awb-spacing-left-medium:3.84%;--awb-width-small:100%;--awb-spacing-right-small:1.92%;--awb-spacing-left-small:1.92%;\" data-animationType=\"fadeInRight\" data-animationDuration=\"0.8\" data-animationOffset=\"top-into-view\"><div class=\"fusion-column-wrapper fusion-flex-justify-content-flex-start fusion-content-layout-column\"><div class=\"fusion-title title fusion-title-34 fusion-sep-none fusion-title-text fusion-title-size-three\" style=\"--awb-text-color:#ffffff;--awb-margin-bottom:15px;--awb-margin-top-small:0px;--awb-margin-right-small:0px;--awb-margin-bottom-small:20px;--awb-margin-left-small:0px;\"><h3 class=\"fusion-title-heading title-heading-left fusion-responsive-typography-calculated\" style=\"margin:0;--fontSize:26;--minFontSize:26;line-height:1.3;\">Curso de Finanzas Corporativas y Mercado de Capitales<\/h3><\/div><div class=\"fusion-text fusion-text-34\" style=\"--awb-font-size:24px;--awb-line-height:1.6em;--awb-letter-spacing:-0.5px;\"><p style=\"color: #ffffff;\">Universidad de Chile &#8211; (Enero &#8211; 2021)<\/p>\n<\/div><\/div><\/div><div class=\"fusion-layout-column fusion_builder_column fusion-builder-column-45 fusion_builder_column_1_3 1_3 fusion-flex-column fusion-animated\" style=\"--awb-bg-blend:overlay;--awb-bg-size:cover;--awb-width-large:33.333333333333%;--awb-margin-top-large:25px;--awb-spacing-right-large:14.4%;--awb-margin-bottom-large:25px;--awb-spacing-left-large:5.76%;--awb-width-medium:50%;--awb-spacing-right-medium:9.6%;--awb-spacing-left-medium:3.84%;--awb-width-small:100%;--awb-spacing-right-small:1.92%;--awb-spacing-left-small:1.92%;\" data-animationType=\"fadeInRight\" data-animationDuration=\"0.8\" data-animationOffset=\"top-into-view\"><div class=\"fusion-column-wrapper fusion-flex-justify-content-flex-start fusion-content-layout-column\"><div class=\"fusion-title title fusion-title-35 fusion-sep-none fusion-title-text fusion-title-size-three\" style=\"--awb-text-color:#ffffff;--awb-margin-bottom:15px;--awb-margin-top-small:0px;--awb-margin-right-small:0px;--awb-margin-bottom-small:20px;--awb-margin-left-small:0px;\"><h3 class=\"fusion-title-heading title-heading-left fusion-responsive-typography-calculated\" style=\"margin:0;--fontSize:26;--minFontSize:26;line-height:1.3;\"><div>Young Leaders of the Americas Initiative YLAI<\/div><\/h3><\/div><div class=\"fusion-text fusion-text-35\" style=\"--awb-font-size:24px;--awb-line-height:1.6em;--awb-letter-spacing:-0.5px;--awb-text-color:#ffffff;\"><p>US Department of State, Meridean Entrepreneurship Center Washington DC (2016)<\/p>\n<\/div><div class=\"fusion-separator fusion-full-width-sep\" style=\"align-self: center;margin-left: auto;margin-right: auto;margin-top:8px;width:100%;\"><\/div><\/div><\/div><div class=\"fusion-layout-column fusion_builder_column fusion-builder-column-46 fusion_builder_column_1_1 1_1 fusion-flex-column fusion-animated\" style=\"--awb-bg-blend:overlay;--awb-bg-size:cover;--awb-width-large:100%;--awb-margin-top-large:25px;--awb-spacing-right-large:4.8%;--awb-margin-bottom-large:25px;--awb-spacing-left-large:1.92%;--awb-width-medium:50%;--awb-spacing-right-medium:9.6%;--awb-spacing-left-medium:3.84%;--awb-width-small:100%;--awb-spacing-right-small:1.92%;--awb-spacing-left-small:1.92%;\" data-animationType=\"fadeInRight\" data-animationDuration=\"0.8\" data-animationOffset=\"top-into-view\"><div class=\"fusion-column-wrapper fusion-flex-justify-content-flex-start fusion-content-layout-column\"><div class=\"fusion-title title fusion-title-36 fusion-sep-none fusion-title-center fusion-title-text fusion-title-size-two\" style=\"--awb-text-color:#ffffff;--awb-margin-top-small:0px;--awb-margin-right-small:0px;--awb-margin-bottom-small:20px;--awb-margin-left-small:0px;\"><h2 class=\"fusion-title-heading title-heading-center fusion-responsive-typography-calculated\" style=\"margin:0;--fontSize:46;line-height:1.25;\">Certificaciones<\/h2><\/div><div class=\"fusion-title title fusion-title-37 fusion-sep-none fusion-title-text fusion-title-size-three\" style=\"--awb-text-color:#ffffff;--awb-margin-bottom:15px;--awb-margin-top-small:0px;--awb-margin-right-small:0px;--awb-margin-bottom-small:20px;--awb-margin-left-small:0px;\"><h3 class=\"fusion-title-heading title-heading-left fusion-responsive-typography-calculated\" style=\"margin:0;--fontSize:26;--minFontSize:26;line-height:1.3;\">Venture Capital Analyst &#8211; VC<\/h3><\/div><div class=\"fusion-text fusion-text-36\" style=\"--awb-font-size:24px;--awb-line-height:1.6em;--awb-letter-spacing:-0.5px;--awb-text-color:#ffffff;\"><p>Entry Level VC academy (2024)<\/p>\n<\/div><div class=\"fusion-title title fusion-title-38 fusion-sep-none fusion-title-text fusion-title-size-three\" style=\"--awb-text-color:#ffffff;--awb-margin-bottom:15px;--awb-margin-top-small:0px;--awb-margin-right-small:0px;--awb-margin-bottom-small:20px;--awb-margin-left-small:0px;\"><h3 class=\"fusion-title-heading title-heading-left fusion-responsive-typography-calculated\" style=\"margin:0;--fontSize:26;--minFontSize:26;line-height:1.3;\">Incubation Co Manager &#8211; InnovAction StartUp Program<\/h3><\/div><div class=\"fusion-text fusion-text-37\" style=\"--awb-font-size:24px;--awb-line-height:1.6em;--awb-letter-spacing:-0.5px;--awb-text-color:#ffffff;\"><p>Bridge for Billions, BID Lab (2023)<\/p>\n<\/div><div class=\"fusion-title title fusion-title-39 fusion-sep-none fusion-title-text fusion-title-size-three\" style=\"--awb-text-color:#ffffff;--awb-margin-bottom:15px;--awb-margin-top-small:0px;--awb-margin-right-small:0px;--awb-margin-bottom-small:20px;--awb-margin-left-small:0px;\"><h3 class=\"fusion-title-heading title-heading-left fusion-responsive-typography-calculated\" style=\"margin:0;--fontSize:26;--minFontSize:26;line-height:1.3;\">Curso &#8211; Data Analytics aplicado a los Negocios con Python<\/h3><\/div><div class=\"fusion-text fusion-text-38\" style=\"--awb-font-size:24px;--awb-line-height:1.6em;--awb-letter-spacing:-0.5px;--awb-text-color:#ffffff;\"><p>Universidad de Chile &#8211; (Enero &#8211; 2021)<\/p>\n<\/div><div class=\"fusion-title title fusion-title-40 fusion-sep-none fusion-title-text fusion-title-size-three\" style=\"--awb-text-color:#ffffff;--awb-margin-bottom:15px;--awb-margin-top-small:0px;--awb-margin-right-small:0px;--awb-margin-bottom-small:20px;--awb-margin-left-small:0px;\"><h3 class=\"fusion-title-heading title-heading-left fusion-responsive-typography-calculated\" style=\"margin:0;--fontSize:26;--minFontSize:26;line-height:1.3;\">Seminario &#8211; Taller Liderazgo para la Integraci\u00f3n Regional<\/h3><\/div><div class=\"fusion-text fusion-text-39\" style=\"--awb-font-size:24px;--awb-line-height:1.6em;--awb-letter-spacing:-0.5px;--awb-text-color:#ffffff;\"><p><span style=\"background-color: rgba(255, 255, 255, 0); color: #ffffff; font-family: var(--body_typography-font-family); font-style: var(--body_typography-font-style,normal); font-weight: var(--body_typography-font-weight);\">Uni\u00f3n Europea, Centro para la promoci\u00f3n de Peque\u00f1a y Mediana Empresa (2019)<\/span><\/p>\n<\/div><div class=\"fusion-title title fusion-title-41 fusion-sep-none fusion-title-text fusion-title-size-three\" style=\"--awb-text-color:#ffffff;--awb-margin-bottom:15px;--awb-margin-top-small:0px;--awb-margin-right-small:0px;--awb-margin-bottom-small:20px;--awb-margin-left-small:0px;\"><h3 class=\"fusion-title-heading title-heading-left fusion-responsive-typography-calculated\" style=\"margin:0;--fontSize:26;--minFontSize:26;line-height:1.3;\">Taller internacional &#8211; Formando Catalizadores<\/h3><\/div><div class=\"fusion-text fusion-text-40\" style=\"--awb-font-size:24px;--awb-line-height:1.6em;--awb-letter-spacing:-0.5px;\"><p style=\"color: #ffffff;\">Agora Partners, Impact Hub Mexico, US Department of State, US Embassy in Mexico, Mexico City (2019)<\/p>\n<\/div><div class=\"fusion-title title fusion-title-42 fusion-sep-none fusion-title-text fusion-title-size-three\" style=\"--awb-text-color:#ffffff;--awb-margin-bottom:15px;--awb-margin-top-small:0px;--awb-margin-right-small:0px;--awb-margin-bottom-small:20px;--awb-margin-left-small:0px;\"><h3 class=\"fusion-title-heading title-heading-left fusion-responsive-typography-calculated\" style=\"margin:0;--fontSize:26;--minFontSize:26;line-height:1.3;\">International Conference on Business Innovation ICB33<\/h3><\/div><div class=\"fusion-text fusion-text-41\" style=\"--awb-font-size:24px;--awb-line-height:1.6em;--awb-letter-spacing:-0.5px;--awb-text-color:#ffffff;\"><p>International Business Association, US Department of State, Minneapolis (2019)<\/p>\n<\/div><div class=\"fusion-title title fusion-title-43 fusion-sep-none fusion-title-text fusion-title-size-three\" style=\"--awb-text-color:#ffffff;--awb-margin-bottom:15px;--awb-margin-top-small:0px;--awb-margin-right-small:0px;--awb-margin-bottom-small:20px;--awb-margin-left-small:0px;\"><h3 class=\"fusion-title-heading title-heading-left fusion-responsive-typography-calculated\" style=\"margin:0;--fontSize:26;--minFontSize:26;line-height:1.3;\">IV Foro de Empresas \u00abPropiedad Industrial e Intercionalizaci\u00f3n\u00bb<\/h3><\/div><div class=\"fusion-text fusion-text-42\" style=\"--awb-font-size:24px;--awb-line-height:1.6em;--awb-letter-spacing:-0.5px;--awb-text-color:#ffffff;\"><p>Organizaci\u00f3n mundial de Propiedad Intelectual &#8211; OMPI, Camara de Comercio de Lima (2019)<\/p>\n<\/div><div class=\"fusion-title title fusion-title-44 fusion-sep-none fusion-title-text fusion-title-size-three\" style=\"--awb-text-color:#ffffff;--awb-margin-bottom:15px;--awb-margin-top-small:0px;--awb-margin-right-small:0px;--awb-margin-bottom-small:20px;--awb-margin-left-small:0px;\"><h3 class=\"fusion-title-heading title-heading-left fusion-responsive-typography-calculated\" style=\"margin:0;--fontSize:26;--minFontSize:26;line-height:1.3;\">Business Incubation Global Summit &#8211; BIG SUMMIT<\/h3><\/div><div class=\"fusion-text fusion-text-43\" style=\"--awb-font-size:24px;--awb-line-height:1.6em;--awb-letter-spacing:-0.5px;--awb-text-color:#ffffff;\"><p>International Business Association, US Department of State, Minneapolis (2019)<\/p>\n<\/div><div class=\"fusion-title title fusion-title-45 fusion-sep-none fusion-title-text fusion-title-size-three\" style=\"--awb-text-color:#ffffff;--awb-margin-bottom:15px;--awb-margin-top-small:0px;--awb-margin-right-small:0px;--awb-margin-bottom-small:20px;--awb-margin-left-small:0px;\"><h3 class=\"fusion-title-heading title-heading-left fusion-responsive-typography-calculated\" style=\"margin:0;--fontSize:26;--minFontSize:26;line-height:1.3;\">Innovaci\u00f3n Y Aceleraci\u00f3n de StartUps en el Ecosistema de Emprendimiento<\/h3><\/div><div class=\"fusion-text fusion-text-44\" style=\"--awb-font-size:24px;--awb-line-height:1.6em;--awb-letter-spacing:-0.5px;--awb-text-color:#ffffff;\"><p>Ministry of Foreign Affairs Israel &amp; Mashav (2018)<\/p>\n<\/div><div class=\"fusion-title title fusion-title-46 fusion-sep-none fusion-title-text fusion-title-size-three\" style=\"--awb-text-color:#ffffff;--awb-margin-bottom:15px;--awb-margin-top-small:0px;--awb-margin-right-small:0px;--awb-margin-bottom-small:20px;--awb-margin-left-small:0px;\"><h3 class=\"fusion-title-heading title-heading-left fusion-responsive-typography-calculated\" style=\"margin:0;--fontSize:26;--minFontSize:26;line-height:1.3;\">Diplomado &#8211; Lean Canvas \/ Design Thinking<\/h3><\/div><div class=\"fusion-text fusion-text-45\" style=\"--awb-font-size:24px;--awb-line-height:1.6em;--awb-letter-spacing:-0.5px;--awb-text-color:#ffffff;\"><p>Sistema de Integraci\u00f3n Centroamericano SICA en colaboraci\u00f3n CENPROMYPE (2016)<\/p>\n<\/div><div class=\"fusion-title title fusion-title-47 fusion-sep-none fusion-title-text fusion-title-size-three\" style=\"--awb-text-color:#ffffff;--awb-margin-bottom:15px;--awb-margin-top-small:0px;--awb-margin-right-small:0px;--awb-margin-bottom-small:20px;--awb-margin-left-small:0px;\"><h3 class=\"fusion-title-heading title-heading-left fusion-responsive-typography-calculated\" style=\"margin:0;--fontSize:26;--minFontSize:26;line-height:1.3;\">Ecosistemas de Innovaci\u00f3n y Emprendimiento \u00abBuilding an Entrepreneurial Ecosystem\u00bb<\/h3><\/div><div class=\"fusion-text fusion-text-46\" style=\"--awb-font-size:24px;--awb-line-height:1.6em;--awb-letter-spacing:-0.5px;--awb-text-color:#ffffff;\"><p>Hatch Innovation Portland Oregon, World Oregon (2016)<\/p>\n<\/div><div class=\"fusion-title title fusion-title-48 fusion-sep-none fusion-title-text fusion-title-size-three\" style=\"--awb-text-color:#ffffff;--awb-margin-bottom:15px;--awb-margin-top-small:0px;--awb-margin-right-small:0px;--awb-margin-bottom-small:20px;--awb-margin-left-small:0px;\"><h3 class=\"fusion-title-heading title-heading-left fusion-responsive-typography-calculated\" style=\"margin:0;--fontSize:26;--minFontSize:26;line-height:1.3;\">Gesti\u00f3n de Centros de Emprendimiento &#8211; Entrepreneurship Center Management Workshop<\/h3><\/div><div class=\"fusion-text fusion-text-47\" style=\"--awb-font-size:24px;--awb-line-height:1.6em;--awb-letter-spacing:-0.5px;--awb-text-color:#ffffff;\"><p>Hatch Innovation Portland Oregon, World Oregon (2016)<\/p>\n<\/div><div class=\"fusion-title title fusion-title-49 fusion-sep-none fusion-title-text fusion-title-size-three\" style=\"--awb-text-color:#ffffff;--awb-margin-bottom:15px;--awb-margin-top-small:0px;--awb-margin-right-small:0px;--awb-margin-bottom-small:20px;--awb-margin-left-small:0px;\"><h3 class=\"fusion-title-heading title-heading-left fusion-responsive-typography-calculated\" style=\"margin:0;--fontSize:26;--minFontSize:26;line-height:1.3;\">Locutor Profesional &#8211; Certificaci\u00f3n<\/h3><\/div><div class=\"fusion-text fusion-text-48\" style=\"--awb-font-size:24px;--awb-line-height:1.6em;--awb-letter-spacing:-0.5px;--awb-text-color:#ffffff;\"><p>Autoridad Nacional de Servicios P\u00fablicos ASEP, Universidad Latina de Panam\u00e1 (2016)<\/p>\n<\/div><\/div><\/div><\/div><\/div><div class=\"fusion-fullwidth fullwidth-box fusion-builder-row-13 fusion-flex-container fusion-parallax-none nonhundred-percent-fullwidth non-hundred-percent-height-scrolling\" style=\"--awb-border-radius-top-left:0px;--awb-border-radius-top-right:0px;--awb-border-radius-bottom-right:0px;--awb-border-radius-bottom-left:0px;--awb-padding-top:11%;--awb-padding-bottom:12%;--awb-background-color:#1b2032;--awb-background-image:url(&quot;https:\/\/gerardohuertas.com\/wp-content\/uploads\/2020\/11\/IMG_0509-e1606099988107.png&quot;);--awb-background-size:cover;--awb-flex-wrap:wrap;\" ><div class=\"fusion-builder-row fusion-row fusion-flex-align-items-center fusion-flex-content-wrap\" style=\"max-width:1206.4px;margin-left: calc(-4% \/ 2 );margin-right: calc(-4% \/ 2 );\"><div class=\"fusion-layout-column fusion_builder_column fusion-builder-column-47 fusion_builder_column_1_2 1_2 fusion-flex-column fusion-animated\" style=\"--awb-bg-blend:overlay;--awb-bg-size:cover;--awb-width-large:50%;--awb-margin-top-large:30px;--awb-spacing-right-large:9.6%;--awb-margin-bottom-large:30px;--awb-spacing-left-large:3.84%;--awb-width-medium:60%;--awb-spacing-right-medium:8%;--awb-spacing-left-medium:3.2%;--awb-width-small:100%;--awb-spacing-right-small:1.92%;--awb-spacing-left-small:1.92%;\" data-animationType=\"fadeInLeft\" data-animationDuration=\"0.8\" data-animationOffset=\"top-into-view\"><div class=\"fusion-column-wrapper fusion-flex-justify-content-flex-start fusion-content-layout-row\"><div class=\"fusion-title title fusion-title-50 fusion-sep-none fusion-title-text fusion-title-size-two\" style=\"--awb-text-color:#ffffff;--awb-margin-top-small:0px;--awb-margin-right-small:0px;--awb-margin-bottom-small:20px;--awb-margin-left-small:0px;\"><h2 class=\"fusion-title-heading title-heading-left fusion-responsive-typography-calculated\" style=\"margin:0;--fontSize:46;line-height:1.25;\"><h2>La creatividad es generar ideas, la innovaci\u00f3n es aplicarlas.<\/h2><\/h2><\/div><div class=\"fusion-text fusion-text-49\" style=\"--awb-font-size:24px;--awb-line-height:1.6em;--awb-letter-spacing:-0.5px;--awb-text-color:#ffffff;\"><p>A veces se piensa que la innovaci\u00f3n es encontrar una idea super disruptiva, una idea revolucionar\u00eda, una invenci\u00f3n, el pr\u00f3ximo Google o Facebook. Para m\u00ed la innovaci\u00f3n es generar una cultura, un cambio de chip, es disciplina, es cuestionarse lo b\u00e1sico y transformarlo.<\/p>\n<\/div><div class=\"fusion-separator fusion-full-width-sep\" style=\"align-self: center;margin-left: auto;margin-right: auto;margin-top:10px;width:100%;\"><\/div><div ><a class=\"fusion-button button-flat fusion-button-default-size button-default fusion-button-default button-2 fusion-button-default-span fusion-button-default-type\" target=\"_blank\" rel=\"noopener noreferrer\" href=\"https:\/\/gerardohuertas.com\/?page_id=14\"><span class=\"fusion-button-text awb-button__text awb-button__text--default\">Hablemos de Innovaci\u00f3n<\/span><\/a><\/div><\/div><\/div><div class=\"fusion-layout-column fusion_builder_column fusion-builder-column-48 fusion_builder_column_1_2 1_2 fusion-flex-column fusion-no-small-visibility fusion-no-medium-visibility\" style=\"--awb-bg-blend:overlay;--awb-bg-size:cover;--awb-width-large:50%;--awb-margin-top-large:25px;--awb-spacing-right-large:3.84%;--awb-margin-bottom-large:25px;--awb-spacing-left-large:9.6%;--awb-width-medium:100%;--awb-spacing-right-medium:1.92%;--awb-spacing-left-medium:1.92%;--awb-width-small:100%;--awb-spacing-right-small:1.92%;--awb-spacing-left-small:1.92%;\"><div class=\"fusion-column-wrapper fusion-flex-justify-content-flex-start fusion-content-layout-column\"><\/div><\/div><\/div><\/div><div class=\"fusion-fullwidth fullwidth-box fusion-builder-row-14 fusion-flex-container has-pattern-background has-mask-background nonhundred-percent-fullwidth non-hundred-percent-height-scrolling\" style=\"--awb-border-radius-top-left:0px;--awb-border-radius-top-right:0px;--awb-border-radius-bottom-right:0px;--awb-border-radius-bottom-left:0px;--awb-padding-top:0%;--awb-padding-bottom:0%;--awb-padding-top-medium:60px;--awb-padding-bottom-medium:60px;--awb-padding-top-small:0px;--awb-padding-bottom-small:0px;--awb-margin-bottom-small:0px;--awb-background-color:#f2f3f3;--awb-flex-wrap:wrap;\" ><div class=\"fusion-builder-row fusion-row fusion-flex-align-items-flex-start fusion-flex-content-wrap\" style=\"max-width:1206.4px;margin-left: calc(-4% \/ 2 );margin-right: calc(-4% \/ 2 );\"><div class=\"fusion-layout-column fusion_builder_column fusion-builder-column-49 fusion_builder_column_4_5 4_5 fusion-flex-column fusion-animated\" style=\"--awb-bg-blend:overlay;--awb-bg-size:cover;--awb-width-large:80%;--awb-margin-top-large:25px;--awb-spacing-right-large:5.76%;--awb-margin-bottom-large:0px;--awb-spacing-left-large:2.4%;--awb-width-medium:66.666666666667%;--awb-spacing-right-medium:6.912%;--awb-margin-bottom-medium:25px;--awb-spacing-left-medium:2.88%;--awb-width-small:100%;--awb-spacing-right-small:1.92%;--awb-margin-bottom-small:0px;--awb-spacing-left-small:1.92%;\" data-animationType=\"fadeInLeft\" data-animationDuration=\"0.8\" data-animationOffset=\"top-into-view\"><div class=\"fusion-column-wrapper fusion-flex-justify-content-flex-start fusion-content-layout-column\"><div class=\"fusion-title title fusion-title-51 fusion-sep-none fusion-title-text fusion-title-size-two\" style=\"--awb-margin-top:0px;--awb-margin-bottom:0px;--awb-margin-top-small:0px;--awb-margin-right-small:0px;--awb-margin-bottom-small:20px;--awb-margin-left-small:0px;\"><h2 class=\"fusion-title-heading title-heading-left sm-text-align-center fusion-responsive-typography-calculated\" style=\"margin:0;--fontSize:46;line-height:1.25;\"><h2>Gerardo Huertas en los medios<\/h2><\/h2><\/div><\/div><\/div><div class=\"fusion-layout-column fusion_builder_column fusion-builder-column-50 fusion_builder_column_1_5 1_5 fusion-flex-column\" style=\"--awb-bg-blend:overlay;--awb-bg-size:cover;--awb-width-large:20%;--awb-margin-top-large:0px;--awb-spacing-right-large:9.6%;--awb-margin-bottom-large:25px;--awb-spacing-left-large:5.76%;--awb-width-medium:33.333333333333%;--awb-margin-top-medium:34px;--awb-spacing-right-medium:5.76%;--awb-spacing-left-medium:3.456%;--awb-width-small:100%;--awb-margin-top-small:0px;--awb-spacing-right-small:1.92%;--awb-spacing-left-small:1.92%;\"><div class=\"fusion-column-wrapper fusion-flex-justify-content-flex-start fusion-content-layout-column\"><div class=\"fusion-separator fusion-no-small-visibility fusion-no-medium-visibility fusion-full-width-sep\" style=\"align-self: center;margin-left: auto;margin-right: auto;margin-top:30px;width:100%;\"><\/div><\/div><\/div><div class=\"fusion-layout-column fusion_builder_column fusion-builder-column-51 fusion_builder_column_1_1 1_1 fusion-flex-column\" style=\"--awb-bg-size:cover;--awb-width-large:100%;--awb-margin-top-large:25px;--awb-spacing-right-large:1.92%;--awb-margin-bottom-large:25px;--awb-spacing-left-large:1.92%;--awb-width-medium:100%;--awb-order-medium:0;--awb-spacing-right-medium:1.92%;--awb-spacing-left-medium:1.92%;--awb-width-small:100%;--awb-order-small:0;--awb-spacing-right-small:1.92%;--awb-spacing-left-small:1.92%;\" data-scroll-devices=\"small-visibility,medium-visibility,large-visibility\"><div class=\"fusion-column-wrapper fusion-column-has-shadow fusion-flex-justify-content-flex-start fusion-content-layout-column\"><div class=\"fusion-image-carousel fusion-image-carousel-auto fusion-image-carousel-1 fusion-carousel-border\"><div class=\"awb-carousel awb-swiper awb-swiper-carousel awb-carousel--carousel awb-swiper-dots-position-bottom\" data-layout=\"carousel\" data-autoplay=\"yes\" data-autoplayspeed=\"2500\" data-autoplaypause=\"no\" data-loop=\"yes\" data-columns=\"5\" data-columnsmedium=\"1\" data-columnssmall=\"1\" data-itemmargin=\"13\" data-itemwidth=\"180\" data-touchscroll=\"no\" data-freemode=\"no\" data-imagesize=\"auto\" data-scrollitems=\"0\" data-centeredslides=\"no\" data-rotationangle=\"50\" data-depth=\"100\" data-speed=\"500\" data-shadow=\"no\" data-pagination=\"bullets\" style=\"--awb-border-width:1px;--awb-border-color:#e9eaee;\"><div class=\"swiper-wrapper awb-image-carousel-wrapper fusion-flex-align-items-center\"><div class=\"swiper-slide\"><div class=\"fusion-carousel-item-wrapper\"><div class=\"fusion-image-wrapper hover-type-none\"><img decoding=\"async\" width=\"1024\" height=\"1024\" src=\"https:\/\/gerardohuertas.com\/wp-content\/uploads\/2023\/05\/forbes-logo-ca.jpg\" class=\"attachment-full size-full\" alt=\"Forbes centroam\u00e9rica menciona mi trabajo\" srcset=\"https:\/\/gerardohuertas.com\/wp-content\/uploads\/2023\/05\/forbes-logo-ca-200x200.jpg 200w, https:\/\/gerardohuertas.com\/wp-content\/uploads\/2023\/05\/forbes-logo-ca-400x400.jpg 400w, https:\/\/gerardohuertas.com\/wp-content\/uploads\/2023\/05\/forbes-logo-ca-600x600.jpg 600w, https:\/\/gerardohuertas.com\/wp-content\/uploads\/2023\/05\/forbes-logo-ca-800x800.jpg 800w, https:\/\/gerardohuertas.com\/wp-content\/uploads\/2023\/05\/forbes-logo-ca.jpg 1024w\" sizes=\"(min-width: 2200px) 100vw, (min-width: 648px) 222px, (min-width: 646px) 277px, (min-width: 644px) 369px, (min-width: 642px) 554px, (min-width: 640px) 642px, \" \/><\/div><\/div><\/div><div class=\"swiper-slide\"><div class=\"fusion-carousel-item-wrapper\"><div class=\"fusion-image-wrapper hover-type-none\"><img decoding=\"async\" width=\"1200\" height=\"1200\" src=\"https:\/\/gerardohuertas.com\/wp-content\/uploads\/2023\/05\/1200px-Logo-telemetro.svg.webp\" class=\"attachment-full size-full\" alt=\"\" srcset=\"https:\/\/gerardohuertas.com\/wp-content\/uploads\/2023\/05\/1200px-Logo-telemetro.svg-200x200.webp 200w, https:\/\/gerardohuertas.com\/wp-content\/uploads\/2023\/05\/1200px-Logo-telemetro.svg-400x400.webp 400w, https:\/\/gerardohuertas.com\/wp-content\/uploads\/2023\/05\/1200px-Logo-telemetro.svg-600x600.webp 600w, https:\/\/gerardohuertas.com\/wp-content\/uploads\/2023\/05\/1200px-Logo-telemetro.svg-800x800.webp 800w, https:\/\/gerardohuertas.com\/wp-content\/uploads\/2023\/05\/1200px-Logo-telemetro.svg.webp 1200w\" sizes=\"(min-width: 2200px) 100vw, (min-width: 648px) 222px, (min-width: 646px) 277px, (min-width: 644px) 369px, (min-width: 642px) 554px, (min-width: 640px) 642px, \" \/><\/div><\/div><\/div><div class=\"swiper-slide\"><div class=\"fusion-carousel-item-wrapper\"><div class=\"fusion-image-wrapper hover-type-none\"><img decoding=\"async\" width=\"828\" height=\"827\" src=\"https:\/\/gerardohuertas.com\/wp-content\/uploads\/2023\/05\/TVN_Panam3F_282006-201329.webp\" class=\"attachment-full size-full\" alt=\"\" srcset=\"https:\/\/gerardohuertas.com\/wp-content\/uploads\/2023\/05\/TVN_Panam3F_282006-201329-200x200.webp 200w, https:\/\/gerardohuertas.com\/wp-content\/uploads\/2023\/05\/TVN_Panam3F_282006-201329-400x400.webp 400w, https:\/\/gerardohuertas.com\/wp-content\/uploads\/2023\/05\/TVN_Panam3F_282006-201329-600x599.webp 600w, https:\/\/gerardohuertas.com\/wp-content\/uploads\/2023\/05\/TVN_Panam3F_282006-201329-800x799.webp 800w, https:\/\/gerardohuertas.com\/wp-content\/uploads\/2023\/05\/TVN_Panam3F_282006-201329.webp 828w\" sizes=\"(min-width: 2200px) 100vw, (min-width: 648px) 222px, (min-width: 646px) 277px, (min-width: 644px) 369px, (min-width: 642px) 554px, (min-width: 640px) 642px, \" \/><\/div><\/div><\/div><div class=\"swiper-slide\"><div class=\"fusion-carousel-item-wrapper\"><div class=\"fusion-image-wrapper hover-type-none\"><img decoding=\"async\" width=\"800\" height=\"600\" src=\"https:\/\/gerardohuertas.com\/wp-content\/uploads\/2023\/05\/laprensa-panama-redes.png\" class=\"attachment-full size-full\" alt=\"\" srcset=\"https:\/\/gerardohuertas.com\/wp-content\/uploads\/2023\/05\/laprensa-panama-redes-200x150.png 200w, https:\/\/gerardohuertas.com\/wp-content\/uploads\/2023\/05\/laprensa-panama-redes-400x300.png 400w, https:\/\/gerardohuertas.com\/wp-content\/uploads\/2023\/05\/laprensa-panama-redes-600x450.png 600w, https:\/\/gerardohuertas.com\/wp-content\/uploads\/2023\/05\/laprensa-panama-redes.png 800w\" sizes=\"(min-width: 2200px) 100vw, (min-width: 648px) 222px, (min-width: 646px) 277px, (min-width: 644px) 369px, (min-width: 642px) 554px, (min-width: 640px) 642px, \" \/><\/div><\/div><\/div><div class=\"swiper-slide\"><div class=\"fusion-carousel-item-wrapper\"><div class=\"fusion-image-wrapper hover-type-none\"><img decoding=\"async\" width=\"600\" height=\"600\" src=\"https:\/\/gerardohuertas.com\/wp-content\/uploads\/2023\/05\/logo-la-estrella-600x600-1.png\" class=\"attachment-full size-full\" alt=\"\" srcset=\"https:\/\/gerardohuertas.com\/wp-content\/uploads\/2023\/05\/logo-la-estrella-600x600-1-200x200.png 200w, https:\/\/gerardohuertas.com\/wp-content\/uploads\/2023\/05\/logo-la-estrella-600x600-1-400x400.png 400w, https:\/\/gerardohuertas.com\/wp-content\/uploads\/2023\/05\/logo-la-estrella-600x600-1.png 600w\" sizes=\"(min-width: 2200px) 100vw, (min-width: 648px) 222px, (min-width: 646px) 277px, (min-width: 644px) 369px, (min-width: 642px) 554px, (min-width: 640px) 642px, \" \/><\/div><\/div><\/div><div class=\"swiper-slide\"><div class=\"fusion-carousel-item-wrapper\"><div class=\"fusion-image-wrapper hover-type-none\"><img decoding=\"async\" width=\"512\" height=\"512\" src=\"https:\/\/gerardohuertas.com\/wp-content\/uploads\/2023\/05\/diaadia-logo-2121.png\" class=\"attachment-full size-full\" alt=\"\" srcset=\"https:\/\/gerardohuertas.com\/wp-content\/uploads\/2023\/05\/diaadia-logo-2121-200x200.png 200w, https:\/\/gerardohuertas.com\/wp-content\/uploads\/2023\/05\/diaadia-logo-2121-400x400.png 400w, https:\/\/gerardohuertas.com\/wp-content\/uploads\/2023\/05\/diaadia-logo-2121.png 512w\" sizes=\"(min-width: 2200px) 100vw, (min-width: 648px) 222px, (min-width: 646px) 277px, (min-width: 644px) 369px, (min-width: 642px) 554px, (min-width: 640px) 642px, \" \/><\/div><\/div><\/div><div class=\"swiper-slide\"><div class=\"fusion-carousel-item-wrapper\"><div class=\"fusion-image-wrapper hover-type-none\"><img decoding=\"async\" width=\"970\" height=\"159\" src=\"https:\/\/gerardohuertas.com\/wp-content\/uploads\/2023\/05\/88def988-3030-4345-a542-d64153fac6b1.png\" class=\"attachment-full size-full\" alt=\"\" srcset=\"https:\/\/gerardohuertas.com\/wp-content\/uploads\/2023\/05\/88def988-3030-4345-a542-d64153fac6b1-200x33.png 200w, https:\/\/gerardohuertas.com\/wp-content\/uploads\/2023\/05\/88def988-3030-4345-a542-d64153fac6b1-400x66.png 400w, https:\/\/gerardohuertas.com\/wp-content\/uploads\/2023\/05\/88def988-3030-4345-a542-d64153fac6b1-600x98.png 600w, https:\/\/gerardohuertas.com\/wp-content\/uploads\/2023\/05\/88def988-3030-4345-a542-d64153fac6b1-800x131.png 800w, https:\/\/gerardohuertas.com\/wp-content\/uploads\/2023\/05\/88def988-3030-4345-a542-d64153fac6b1.png 970w\" sizes=\"(min-width: 2200px) 100vw, (min-width: 648px) 222px, (min-width: 646px) 277px, (min-width: 644px) 369px, (min-width: 642px) 554px, (min-width: 640px) 642px, \" \/><\/div><\/div><\/div><\/div><div class=\"awb-swiper-button awb-swiper-button-prev\"><i class=\"awb-icon-angle-left\" aria-hidden=\"true\"><\/i><\/div><div class=\"awb-swiper-button awb-swiper-button-next\"><i class=\"awb-icon-angle-right\" aria-hidden=\"true\"><\/i><\/div><\/div><\/div><\/div><\/div><\/div><\/div><div class=\"fusion-fullwidth fullwidth-box fusion-builder-row-15 fusion-flex-container nonhundred-percent-fullwidth non-hundred-percent-height-scrolling\" style=\"--awb-border-radius-top-left:0px;--awb-border-radius-top-right:0px;--awb-border-radius-bottom-right:0px;--awb-border-radius-bottom-left:0px;--awb-padding-top:0%;--awb-padding-bottom:8%;--awb-padding-top-medium:60px;--awb-padding-bottom-medium:60px;--awb-padding-top-small:0px;--awb-margin-top:0px;--awb-background-color:#f2f3f3;--awb-flex-wrap:wrap;\" ><div class=\"fusion-builder-row fusion-row fusion-flex-align-items-flex-start fusion-flex-content-wrap\" style=\"max-width:1206.4px;margin-left: calc(-4% \/ 2 );margin-right: calc(-4% \/ 2 );\"><div class=\"fusion-layout-column fusion_builder_column fusion-builder-column-52 fusion_builder_column_4_5 4_5 fusion-flex-column fusion-animated\" style=\"--awb-bg-blend:overlay;--awb-bg-size:cover;--awb-width-large:80%;--awb-margin-top-large:25px;--awb-spacing-right-large:5.76%;--awb-margin-bottom-large:0px;--awb-spacing-left-large:2.4%;--awb-width-medium:66.666666666667%;--awb-spacing-right-medium:6.912%;--awb-margin-bottom-medium:25px;--awb-spacing-left-medium:2.88%;--awb-width-small:100%;--awb-spacing-right-small:1.92%;--awb-margin-bottom-small:0px;--awb-spacing-left-small:1.92%;\" data-animationType=\"fadeInLeft\" data-animationDuration=\"0.8\" data-animationOffset=\"top-into-view\"><div class=\"fusion-column-wrapper fusion-flex-justify-content-flex-start fusion-content-layout-column\"><div class=\"fusion-title title fusion-title-52 fusion-sep-none fusion-title-text fusion-title-size-two\" style=\"--awb-margin-top:0px;--awb-margin-bottom:0px;--awb-margin-top-small:0px;--awb-margin-right-small:0px;--awb-margin-bottom-small:20px;--awb-margin-left-small:0px;\"><h2 class=\"fusion-title-heading title-heading-left sm-text-align-center fusion-responsive-typography-calculated\" style=\"margin:0;--fontSize:46;line-height:1.25;\"><h2>Prensa y noticias<\/h2><\/h2><\/div><\/div><\/div><div class=\"fusion-layout-column fusion_builder_column fusion-builder-column-53 fusion_builder_column_1_5 1_5 fusion-flex-column\" style=\"--awb-bg-blend:overlay;--awb-bg-size:cover;--awb-width-large:20%;--awb-margin-top-large:0px;--awb-spacing-right-large:9.6%;--awb-margin-bottom-large:0px;--awb-spacing-left-large:5.76%;--awb-width-medium:33.333333333333%;--awb-margin-top-medium:34px;--awb-spacing-right-medium:5.76%;--awb-spacing-left-medium:3.456%;--awb-width-small:100%;--awb-margin-top-small:0px;--awb-spacing-right-small:1.92%;--awb-spacing-left-small:1.92%;\"><div class=\"fusion-column-wrapper fusion-flex-justify-content-flex-start fusion-content-layout-column\"><div class=\"fusion-separator fusion-no-small-visibility fusion-no-medium-visibility fusion-full-width-sep\" style=\"align-self: center;margin-left: auto;margin-right: auto;margin-top:30px;width:100%;\"><\/div><\/div><\/div><div class=\"fusion-layout-column fusion_builder_column fusion-builder-column-54 fusion_builder_column_1_1 1_1 fusion-flex-column\" style=\"--awb-bg-size:cover;--awb-width-large:100%;--awb-margin-top-large:25px;--awb-spacing-right-large:1.92%;--awb-margin-bottom-large:25px;--awb-spacing-left-large:1.92%;--awb-width-medium:100%;--awb-order-medium:0;--awb-spacing-right-medium:1.92%;--awb-spacing-left-medium:1.92%;--awb-width-small:100%;--awb-order-small:0;--awb-spacing-right-small:1.92%;--awb-spacing-left-small:1.92%;\"><div class=\"fusion-column-wrapper fusion-column-has-shadow fusion-flex-justify-content-flex-start fusion-content-layout-column\"><div class=\"fusion-blog-shortcode fusion-blog-shortcode-1 fusion-blog-archive fusion-blog-layout-grid-wrapper fusion-blog-no fusion-blog-layout-center\"><style type=\"text\/css\">.fusion-blog-shortcode-1 .fusion-blog-layout-grid .fusion-post-grid{padding:15px;}.fusion-blog-shortcode-1 .fusion-posts-container{margin-left: -15px !important; margin-right:-15px !important;}<\/style><div class=\"fusion-posts-container fusion-posts-container-no fusion-no-meta-info fusion-blog-rollover fusion-blog-layout-grid fusion-blog-layout-grid-3 isotope fusion-blog-equal-heights\" data-pages=\"3\" data-grid-col-space=\"30\" style=\"margin: -15px -15px 0;min-height:500px;\"><article id=\"blog-1-post-863\" class=\"fusion-post-grid post-863 post type-post status-publish format-standard has-post-thumbnail hentry category-prensa-emprendedor\">\n<div class=\"fusion-post-wrapper\" style=\"background-color:rgba(255,255,255,1);border:none;\">\n\n\t\t\t<div class=\"fusion-flexslider flexslider fusion-flexslider-loading fusion-post-slideshow\" style=\"border-color:rgba(255,255,255,0);\">\n\t\t<ul class=\"slides\">\n\t\t\t\n\t\t\t\t\t\t\t\t\t\t\t\t\t\t<li><div  class=\"fusion-image-wrapper\" aria-haspopup=\"true\">\n\t\t\t\t<img decoding=\"async\" width=\"720\" height=\"1080\" src=\"https:\/\/gerardohuertas.com\/wp-content\/uploads\/2020\/11\/Gerardo-Huertas.jpg\" class=\"attachment-full size-full wp-post-image\" alt=\"\" srcset=\"https:\/\/gerardohuertas.com\/wp-content\/uploads\/2020\/11\/Gerardo-Huertas-200x300.jpg 200w, https:\/\/gerardohuertas.com\/wp-content\/uploads\/2020\/11\/Gerardo-Huertas-400x600.jpg 400w, https:\/\/gerardohuertas.com\/wp-content\/uploads\/2020\/11\/Gerardo-Huertas-600x900.jpg 600w, https:\/\/gerardohuertas.com\/wp-content\/uploads\/2020\/11\/Gerardo-Huertas.jpg 720w\" sizes=\"(min-width: 2200px) 100vw, (min-width: 644px) 367px, (min-width: 642px) 550px, (min-width: 640px) 642px, \" \/><div class=\"fusion-rollover\">\n\t<div class=\"fusion-rollover-content\">\n\n\t\t\t\t\n\t\t\n\t\t\t\t\t\t\t\t\n\t\t\t\t\t\t\t\t\n\t\t\n\t\t\t\t\t\t<a class=\"fusion-link-wrapper\" href=\"https:\/\/gerardohuertas.com\/en\/rostros-que-suenan-la-ciudad\/\" aria-label=\"Rostros que sue\u00f1an la ciudad\"><\/a>\n\t<\/div>\n<\/div>\n<\/div>\n<\/li>\n\t\t\t\n\t\t\t\n\t\t\t\t\t\t\t\t\t\t\t\t\t\t\t\t\t\t\t\t\t\t\t\t\t\t\t\t\t\t\t\t\t\t\t\t\t\t\t\t\t\t\t\t\t\t\t\t\t\t\t\t\t\t\t\t\t\t\t\t\t\t\t\t\t\t\t\t<\/ul>\n\t<\/div>\n\t<div class=\"fusion-post-content-wrapper\" style=\"padding:35px 10% 20px 10%;\"><div class=\"fusion-post-content post-content\"><h2 class=\"blog-shortcode-post-title entry-title\"><a href=\"https:\/\/gerardohuertas.com\/en\/rostros-que-suenan-la-ciudad\/\">Rostros que sue\u00f1an la ciudad<\/a><\/h2><div class=\"fusion-post-content-container\"><p>Link de la nota\u00a0 El presidente de la Asociaci\u00f3n de J\u00f3venes Emprendedores (AJOEM) trabaja por una ciudad m\u00e1s ambiciosa. La formaci\u00f3n de l\u00edderes que aporten soluciones reales para los<\/p><\/div><\/div><\/div><div class=\"fusion-clearfix\"><\/div><\/div>\n<\/article>\n<article id=\"blog-1-post-866\" class=\"fusion-post-grid post-866 post type-post status-publish format-standard has-post-thumbnail hentry category-prensa-emprendedor\">\n<div class=\"fusion-post-wrapper\" style=\"background-color:rgba(255,255,255,1);border:none;\">\n\n\t\t\t<div class=\"fusion-flexslider flexslider fusion-flexslider-loading fusion-post-slideshow\" style=\"border-color:rgba(255,255,255,0);\">\n\t\t<ul class=\"slides\">\n\t\t\t\n\t\t\t\t\t\t\t\t\t\t\t\t\t\t<li><div  class=\"fusion-image-wrapper\" aria-haspopup=\"true\">\n\t\t\t\t<img decoding=\"async\" width=\"2048\" height=\"1536\" src=\"https:\/\/gerardohuertas.com\/wp-content\/uploads\/2020\/11\/IMG_7313.jpeg\" class=\"attachment-full size-full wp-post-image\" alt=\"\" srcset=\"https:\/\/gerardohuertas.com\/wp-content\/uploads\/2020\/11\/IMG_7313-200x150.jpeg 200w, https:\/\/gerardohuertas.com\/wp-content\/uploads\/2020\/11\/IMG_7313-400x300.jpeg 400w, https:\/\/gerardohuertas.com\/wp-content\/uploads\/2020\/11\/IMG_7313-600x450.jpeg 600w, https:\/\/gerardohuertas.com\/wp-content\/uploads\/2020\/11\/IMG_7313-800x600.jpeg 800w, https:\/\/gerardohuertas.com\/wp-content\/uploads\/2020\/11\/IMG_7313-1200x900.jpeg 1200w, https:\/\/gerardohuertas.com\/wp-content\/uploads\/2020\/11\/IMG_7313.jpeg 2048w\" sizes=\"(min-width: 2200px) 100vw, (min-width: 644px) 367px, (min-width: 642px) 550px, (min-width: 640px) 642px, \" \/><div class=\"fusion-rollover\">\n\t<div class=\"fusion-rollover-content\">\n\n\t\t\t\t\n\t\t\n\t\t\t\t\t\t\t\t\n\t\t\t\t\t\t\t\t\n\t\t\n\t\t\t\t\t\t<a class=\"fusion-link-wrapper\" href=\"https:\/\/gerardohuertas.com\/en\/forbes-pymes-centroamericanas-de-fortalecen\/\" aria-label=\"Forbes &#8211; Pymes Centroamericanas de Fortalecen\"><\/a>\n\t<\/div>\n<\/div>\n<\/div>\n<\/li>\n\t\t\t\n\t\t\t\n\t\t\t\t\t\t\t\t\t\t\t\t\t\t\t\t\t\t\t\t\t\t\t\t\t\t\t\t\t\t\t\t\t\t\t\t\t\t\t\t\t\t\t\t\t\t\t\t\t\t\t\t\t\t\t\t\t\t\t\t\t\t\t\t\t\t\t\t<\/ul>\n\t<\/div>\n\t<div class=\"fusion-post-content-wrapper\" style=\"padding:35px 10% 20px 10%;\"><div class=\"fusion-post-content post-content\"><h2 class=\"blog-shortcode-post-title entry-title\"><a href=\"https:\/\/gerardohuertas.com\/en\/forbes-pymes-centroamericanas-de-fortalecen\/\">Forbes &#8211; Pymes Centroamericanas de Fortalecen<\/a><\/h2><div class=\"fusion-post-content-container\"><p>Nota completa El Taller Liderazgo Mipyme para la integraci\u00f3n regional, organizado por el Centro Regional para la Promoci\u00f3n de la Micro y Peque\u00f1a Empresa (CENPROMYPE) con el apoyo de<\/p><\/div><\/div><\/div><div class=\"fusion-clearfix\"><\/div><\/div>\n<\/article>\n<article id=\"blog-1-post-869\" class=\"fusion-post-grid post-869 post type-post status-publish format-standard has-post-thumbnail hentry category-prensa-emprendedor\">\n<div class=\"fusion-post-wrapper\" style=\"background-color:rgba(255,255,255,1);border:none;\">\n\n\t\t\t<div class=\"fusion-flexslider flexslider fusion-flexslider-loading fusion-post-slideshow\" style=\"border-color:rgba(255,255,255,0);\">\n\t\t<ul class=\"slides\">\n\t\t\t\n\t\t\t\t\t\t\t\t\t\t\t\t\t\t<li><div  class=\"fusion-image-wrapper\" aria-haspopup=\"true\">\n\t\t\t\t<img decoding=\"async\" width=\"2560\" height=\"1707\" src=\"https:\/\/gerardohuertas.com\/wp-content\/uploads\/2020\/11\/foto-stanley-gerardo-scaled.jpg\" class=\"attachment-full size-full wp-post-image\" alt=\"\" srcset=\"https:\/\/gerardohuertas.com\/wp-content\/uploads\/2020\/11\/foto-stanley-gerardo-200x133.jpg 200w, https:\/\/gerardohuertas.com\/wp-content\/uploads\/2020\/11\/foto-stanley-gerardo-400x267.jpg 400w, https:\/\/gerardohuertas.com\/wp-content\/uploads\/2020\/11\/foto-stanley-gerardo-600x400.jpg 600w, https:\/\/gerardohuertas.com\/wp-content\/uploads\/2020\/11\/foto-stanley-gerardo-800x533.jpg 800w, https:\/\/gerardohuertas.com\/wp-content\/uploads\/2020\/11\/foto-stanley-gerardo-1200x800.jpg 1200w, https:\/\/gerardohuertas.com\/wp-content\/uploads\/2020\/11\/foto-stanley-gerardo-scaled.jpg 2560w\" sizes=\"(min-width: 2200px) 100vw, (min-width: 644px) 367px, (min-width: 642px) 550px, (min-width: 640px) 642px, \" \/><div class=\"fusion-rollover\">\n\t<div class=\"fusion-rollover-content\">\n\n\t\t\t\t\n\t\t\n\t\t\t\t\t\t\t\t\n\t\t\t\t\t\t\t\t\n\t\t\n\t\t\t\t\t\t<a class=\"fusion-link-wrapper\" href=\"https:\/\/gerardohuertas.com\/en\/inversiones-bahia-conversatorio-ajoem-con-stanley-motta\/\" aria-label=\"Inversiones Bahia &#8211; Conversatorio AJOEM con Stanley Motta\"><\/a>\n\t<\/div>\n<\/div>\n<\/div>\n<\/li>\n\t\t\t\n\t\t\t\n\t\t\t\t\t\t\t\t\t\t\t\t\t\t\t\t\t\t\t\t\t\t\t\t\t\t\t\t\t\t\t\t\t\t\t\t\t\t\t\t\t\t\t\t\t\t\t\t\t\t\t\t\t\t\t\t\t\t\t\t\t\t\t\t\t\t\t\t<\/ul>\n\t<\/div>\n\t<div class=\"fusion-post-content-wrapper\" style=\"padding:35px 10% 20px 10%;\"><div class=\"fusion-post-content post-content\"><h2 class=\"blog-shortcode-post-title entry-title\"><a href=\"https:\/\/gerardohuertas.com\/en\/inversiones-bahia-conversatorio-ajoem-con-stanley-motta\/\">Inversiones Bahia &#8211; Conversatorio AJOEM con Stanley Motta<\/a><\/h2><div class=\"fusion-post-content-container\"><p>Nota completa Stanley Motta comparti\u00f3 con miembros de la Asociaci\u00f3n de J\u00f3venes Emprendedores de Panam\u00e1 (AJOEM) su experiencia profesional. Durante el conversatorio, Stanley Motta destac\u00f3 que los negocios no<\/p><\/div><\/div><\/div><div class=\"fusion-clearfix\"><\/div><\/div>\n<\/article>\n<article id=\"blog-1-post-1293\" class=\"fusion-post-grid post-1293 post type-post status-publish format-standard has-post-thumbnail hentry category-prensa-emprendedor\">\n<div class=\"fusion-post-wrapper\" style=\"background-color:rgba(255,255,255,1);border:none;\">\n\n\t\t\t<div class=\"fusion-flexslider flexslider fusion-flexslider-loading fusion-post-slideshow\" style=\"border-color:rgba(255,255,255,0);\">\n\t\t<ul class=\"slides\">\n\t\t\t\n\t\t\t\t\t\t\t\t\t\t\t\t\t\t<li><div  class=\"fusion-image-wrapper\" aria-haspopup=\"true\">\n\t\t\t\t<img decoding=\"async\" width=\"790\" height=\"470\" src=\"https:\/\/gerardohuertas.com\/wp-content\/uploads\/2023\/05\/ajoem-emprendimiento.jpg\" class=\"attachment-full size-full wp-post-image\" alt=\"\" srcset=\"https:\/\/gerardohuertas.com\/wp-content\/uploads\/2023\/05\/ajoem-emprendimiento-200x119.jpg 200w, https:\/\/gerardohuertas.com\/wp-content\/uploads\/2023\/05\/ajoem-emprendimiento-400x238.jpg 400w, https:\/\/gerardohuertas.com\/wp-content\/uploads\/2023\/05\/ajoem-emprendimiento-600x357.jpg 600w, https:\/\/gerardohuertas.com\/wp-content\/uploads\/2023\/05\/ajoem-emprendimiento.jpg 790w\" sizes=\"(min-width: 2200px) 100vw, (min-width: 644px) 367px, (min-width: 642px) 550px, (min-width: 640px) 642px, \" \/><div class=\"fusion-rollover\">\n\t<div class=\"fusion-rollover-content\">\n\n\t\t\t\t\n\t\t\n\t\t\t\t\t\t\t\t\n\t\t\t\t\t\t\t\t\n\t\t\n\t\t\t\t\t\t<a class=\"fusion-link-wrapper\" href=\"https:\/\/gerardohuertas.com\/en\/ajoem-presenta-el-hatch-innovation-panama-city\/\" aria-label=\"AJOEM presenta el \u201cHatch Innovation Panam\u00e1 City\u201d\"><\/a>\n\t<\/div>\n<\/div>\n<\/div>\n<\/li>\n\t\t\t\n\t\t\t\n\t\t\t\t\t\t\t\t\t\t\t\t\t\t\t\t\t\t\t\t\t\t\t\t\t\t\t\t\t\t\t\t\t\t\t\t\t\t\t\t\t\t\t\t\t\t\t\t\t\t\t\t\t\t\t\t\t\t\t\t\t\t\t\t\t\t\t\t<\/ul>\n\t<\/div>\n\t<div class=\"fusion-post-content-wrapper\" style=\"padding:35px 10% 20px 10%;\"><div class=\"fusion-post-content post-content\"><h2 class=\"blog-shortcode-post-title entry-title\"><a href=\"https:\/\/gerardohuertas.com\/en\/ajoem-presenta-el-hatch-innovation-panama-city\/\">AJOEM presenta el \u201cHatch Innovation Panam\u00e1 City\u201d<\/a><\/h2><div class=\"fusion-post-content-container\"><p>El proyecto \u201cHatch Innovation Panam\u00e1 City\u201d, un centro de innovaci\u00f3n con espacio de co-working, donde j\u00f3venes emprendedores ser\u00e1n incubados y acelerados a trav\u00e9s de innovadores programas, fue presentado por<\/p><\/div><\/div><\/div><div class=\"fusion-clearfix\"><\/div><\/div>\n<\/article>\n<article id=\"blog-1-post-1296\" class=\"fusion-post-grid post-1296 post type-post status-publish format-standard has-post-thumbnail hentry category-uncategorized\">\n<div class=\"fusion-post-wrapper\" style=\"background-color:rgba(255,255,255,1);border:none;\">\n\n\t\t\t<div class=\"fusion-flexslider flexslider fusion-flexslider-loading fusion-post-slideshow\" style=\"border-color:rgba(255,255,255,0);\">\n\t\t<ul class=\"slides\">\n\t\t\t\n\t\t\t\t\t\t\t\t\t\t\t\t\t\t<li><div  class=\"fusion-image-wrapper\" aria-haspopup=\"true\">\n\t\t\t\t<img decoding=\"async\" width=\"790\" height=\"470\" src=\"https:\/\/gerardohuertas.com\/wp-content\/uploads\/2023\/05\/jueves-emprendedor.jpg\" class=\"attachment-full size-full wp-post-image\" alt=\"\" srcset=\"https:\/\/gerardohuertas.com\/wp-content\/uploads\/2023\/05\/jueves-emprendedor-200x119.jpg 200w, https:\/\/gerardohuertas.com\/wp-content\/uploads\/2023\/05\/jueves-emprendedor-400x238.jpg 400w, https:\/\/gerardohuertas.com\/wp-content\/uploads\/2023\/05\/jueves-emprendedor-600x357.jpg 600w, https:\/\/gerardohuertas.com\/wp-content\/uploads\/2023\/05\/jueves-emprendedor.jpg 790w\" sizes=\"(min-width: 2200px) 100vw, (min-width: 644px) 367px, (min-width: 642px) 550px, (min-width: 640px) 642px, \" \/><div class=\"fusion-rollover\">\n\t<div class=\"fusion-rollover-content\">\n\n\t\t\t\t\n\t\t\n\t\t\t\t\t\t\t\t\n\t\t\t\t\t\t\t\t\n\t\t\n\t\t\t\t\t\t<a class=\"fusion-link-wrapper\" href=\"https:\/\/gerardohuertas.com\/en\/el-jueves-emprendedor-por-ajoem\/\" aria-label=\"El Jueves Emprendedor por AJOEM\"><\/a>\n\t<\/div>\n<\/div>\n<\/div>\n<\/li>\n\t\t\t\n\t\t\t\n\t\t\t\t\t\t\t\t\t\t\t\t\t\t\t\t\t\t\t\t\t\t\t\t\t\t\t\t\t\t\t\t\t\t\t\t\t\t\t\t\t\t\t\t\t\t\t\t\t\t\t\t\t\t\t\t\t\t\t\t\t\t\t\t\t\t\t\t<\/ul>\n\t<\/div>\n\t<div class=\"fusion-post-content-wrapper\" style=\"padding:35px 10% 20px 10%;\"><div class=\"fusion-post-content post-content\"><h2 class=\"blog-shortcode-post-title entry-title\"><a href=\"https:\/\/gerardohuertas.com\/en\/el-jueves-emprendedor-por-ajoem\/\">El Jueves Emprendedor por AJOEM<\/a><\/h2><div class=\"fusion-post-content-container\"><p>M\u00e1s de de 75 emprendedores participaron en el primer \u201cJueves Emprendedor\u201d realizado por la Asociaci\u00f3n de J\u00f3venes Emprendedores de Panam\u00e1 (AJOEM). Estos eventos se realizan con el porp\u00f3sito de<\/p><\/div><\/div><\/div><div class=\"fusion-clearfix\"><\/div><\/div>\n<\/article>\n<article id=\"blog-1-post-1299\" class=\"fusion-post-grid post-1299 post type-post status-publish format-standard has-post-thumbnail hentry category-uncategorized\">\n<div class=\"fusion-post-wrapper\" style=\"background-color:rgba(255,255,255,1);border:none;\">\n\n\t\t\t<div class=\"fusion-flexslider flexslider fusion-flexslider-loading fusion-post-slideshow\" style=\"border-color:rgba(255,255,255,0);\">\n\t\t<ul class=\"slides\">\n\t\t\t\n\t\t\t\t\t\t\t\t\t\t\t\t\t\t<li><div  class=\"fusion-image-wrapper\" aria-haspopup=\"true\">\n\t\t\t\t<img decoding=\"async\" width=\"1920\" height=\"729\" src=\"https:\/\/gerardohuertas.com\/wp-content\/uploads\/2023\/05\/Screenshot-2023-05-07-at-11.15.11-AM.jpg\" class=\"attachment-full size-full wp-post-image\" alt=\"\" srcset=\"https:\/\/gerardohuertas.com\/wp-content\/uploads\/2023\/05\/Screenshot-2023-05-07-at-11.15.11-AM-200x76.jpg 200w, https:\/\/gerardohuertas.com\/wp-content\/uploads\/2023\/05\/Screenshot-2023-05-07-at-11.15.11-AM-400x152.jpg 400w, https:\/\/gerardohuertas.com\/wp-content\/uploads\/2023\/05\/Screenshot-2023-05-07-at-11.15.11-AM-600x228.jpg 600w, https:\/\/gerardohuertas.com\/wp-content\/uploads\/2023\/05\/Screenshot-2023-05-07-at-11.15.11-AM-800x304.jpg 800w, https:\/\/gerardohuertas.com\/wp-content\/uploads\/2023\/05\/Screenshot-2023-05-07-at-11.15.11-AM-1200x456.jpg 1200w, https:\/\/gerardohuertas.com\/wp-content\/uploads\/2023\/05\/Screenshot-2023-05-07-at-11.15.11-AM.jpg 1920w\" sizes=\"(min-width: 2200px) 100vw, (min-width: 644px) 367px, (min-width: 642px) 550px, (min-width: 640px) 642px, \" \/><div class=\"fusion-rollover\">\n\t<div class=\"fusion-rollover-content\">\n\n\t\t\t\t\n\t\t\n\t\t\t\t\t\t\t\t\n\t\t\t\t\t\t\t\t\n\t\t\n\t\t\t\t\t\t<a class=\"fusion-link-wrapper\" href=\"https:\/\/gerardohuertas.com\/en\/amcham-recibe-visitas-oregon\/\" aria-label=\"AmCham recibe visita para conocer sobre oportunidades comerciales entre Panam\u00e1 y los Estados de Oreg\u00f3n y Washington\"><\/a>\n\t<\/div>\n<\/div>\n<\/div>\n<\/li>\n\t\t\t\n\t\t\t\n\t\t\t\t\t\t\t\t\t\t\t\t\t\t\t\t\t\t\t\t\t\t\t\t\t\t\t\t\t\t\t\t\t\t\t\t\t\t\t\t\t\t\t\t\t\t\t\t\t\t\t\t\t\t\t\t\t\t\t\t\t\t\t\t\t\t\t\t<\/ul>\n\t<\/div>\n\t<div class=\"fusion-post-content-wrapper\" style=\"padding:35px 10% 20px 10%;\"><div class=\"fusion-post-content post-content\"><h2 class=\"blog-shortcode-post-title entry-title\"><a href=\"https:\/\/gerardohuertas.com\/en\/amcham-recibe-visitas-oregon\/\">AmCham recibe visita para conocer sobre oportunidades comerciales entre Panam\u00e1 y los Estados de Oreg\u00f3n y Washington<\/a><\/h2><div class=\"fusion-post-content-container\"><p>El pasado martes, 14 de noviembre el Sr. John Jackley, Gerente General y Propietario de Advanced Technology Communications visit\u00f3 las oficinas de AmCham Panam\u00e1. Durante su visita nos present\u00f3<\/p><\/div><\/div><\/div><div class=\"fusion-clearfix\"><\/div><\/div>\n<\/article>\n<div class=\"fusion-clearfix\"><\/div><\/div><\/div><\/div><\/div><\/div><\/div><\/p>\n","protected":false},"excerpt":{"rendered":"","protected":false},"author":1,"featured_media":1412,"parent":0,"menu_order":0,"comment_status":"closed","ping_status":"closed","template":"100-width.php","meta":{"_monsterinsights_skip_tracking":false,"_monsterinsights_sitenote_active":false,"_monsterinsights_sitenote_note":"","_monsterinsights_sitenote_category":0,"footnotes":""},"class_list":["post-7","page","type-page","status-publish","has-post-thumbnail","hentry"],"yoast_head":"<!-- This site is optimized with the Yoast SEO plugin v27.4 - https:\/\/yoast.com\/product\/yoast-seo-wordpress\/ -->\n<title>Gerardo Huertas - Emprendedor en tecnolog\u00eda<\/title>\n<meta name=\"description\" content=\"Mas de 12 a\u00f1os de experiencia en tecnolog\u00eda, ingenier\u00eda de Software, innovaci\u00f3n corporativa, desarrollo de negocio y administraci\u00f3n.\" \/>\n<meta name=\"robots\" content=\"index, follow, max-snippet:-1, max-image-preview:large, max-video-preview:-1\" \/>\n<link rel=\"canonical\" href=\"https:\/\/gerardohuertas.com\/en\/\" \/>\n<meta property=\"og:locale\" content=\"en_US\" \/>\n<meta property=\"og:type\" content=\"article\" \/>\n<meta property=\"og:title\" content=\"Gerardo Huertas - Emprendedor en tecnolog\u00eda\" \/>\n<meta property=\"og:description\" content=\"Mas de 12 a\u00f1os de experiencia en tecnolog\u00eda, ingenier\u00eda de Software, innovaci\u00f3n corporativa, desarrollo de negocio y administraci\u00f3n.\" \/>\n<meta property=\"og:url\" content=\"https:\/\/gerardohuertas.com\/en\/\" \/>\n<meta property=\"og:site_name\" content=\"Gerardo Huertas\" \/>\n<meta property=\"article:modified_time\" content=\"2025-08-17T21:55:26+00:00\" \/>\n<meta property=\"og:image\" content=\"https:\/\/gerardohuertas.com\/wp-content\/uploads\/2025\/06\/A9A9769-Editar.jpg\" \/>\n\t<meta property=\"og:image:width\" content=\"1372\" \/>\n\t<meta property=\"og:image:height\" content=\"1920\" \/>\n\t<meta property=\"og:image:type\" content=\"image\/jpeg\" \/>\n<meta name=\"twitter:card\" content=\"summary_large_image\" \/>\n<meta name=\"twitter:label1\" content=\"Est. reading time\" \/>\n\t<meta name=\"twitter:data1\" content=\"13 minutes\" \/>\n<script type=\"application\/ld+json\" class=\"yoast-schema-graph\">{\"@context\":\"https:\\\/\\\/schema.org\",\"@graph\":[{\"@type\":\"WebPage\",\"@id\":\"https:\\\/\\\/gerardohuertas.com\\\/\",\"url\":\"https:\\\/\\\/gerardohuertas.com\\\/\",\"name\":\"Gerardo Huertas - Emprendedor en tecnolog\u00eda\",\"isPartOf\":{\"@id\":\"https:\\\/\\\/gerardohuertas.com\\\/#website\"},\"primaryImageOfPage\":{\"@id\":\"https:\\\/\\\/gerardohuertas.com\\\/#primaryimage\"},\"image\":{\"@id\":\"https:\\\/\\\/gerardohuertas.com\\\/#primaryimage\"},\"thumbnailUrl\":\"https:\\\/\\\/gerardohuertas.com\\\/wp-content\\\/uploads\\\/2025\\\/06\\\/A9A9769-Editar.jpg\",\"datePublished\":\"2019-01-14T16:03:59+00:00\",\"dateModified\":\"2025-08-17T21:55:26+00:00\",\"description\":\"Mas de 12 a\u00f1os de experiencia en tecnolog\u00eda, ingenier\u00eda de Software, innovaci\u00f3n corporativa, desarrollo de negocio y administraci\u00f3n.\",\"breadcrumb\":{\"@id\":\"https:\\\/\\\/gerardohuertas.com\\\/#breadcrumb\"},\"inLanguage\":\"en-US\",\"potentialAction\":[{\"@type\":\"ReadAction\",\"target\":[\"https:\\\/\\\/gerardohuertas.com\\\/\"]}]},{\"@type\":\"ImageObject\",\"inLanguage\":\"en-US\",\"@id\":\"https:\\\/\\\/gerardohuertas.com\\\/#primaryimage\",\"url\":\"https:\\\/\\\/gerardohuertas.com\\\/wp-content\\\/uploads\\\/2025\\\/06\\\/A9A9769-Editar.jpg\",\"contentUrl\":\"https:\\\/\\\/gerardohuertas.com\\\/wp-content\\\/uploads\\\/2025\\\/06\\\/A9A9769-Editar.jpg\",\"width\":1372,\"height\":1920},{\"@type\":\"BreadcrumbList\",\"@id\":\"https:\\\/\\\/gerardohuertas.com\\\/#breadcrumb\",\"itemListElement\":[{\"@type\":\"ListItem\",\"position\":1,\"name\":\"Home\",\"item\":\"https:\\\/\\\/gerardohuertas.com\\\/\"},{\"@type\":\"ListItem\",\"position\":2,\"name\":\"Inicio\"}]},{\"@type\":\"WebSite\",\"@id\":\"https:\\\/\\\/gerardohuertas.com\\\/#website\",\"url\":\"https:\\\/\\\/gerardohuertas.com\\\/\",\"name\":\"Gerardo Huertas\",\"description\":\"Consultor de Innovaci\u00f3n, Ingenier\u00eda de Software y Growth Hacking\",\"potentialAction\":[{\"@type\":\"SearchAction\",\"target\":{\"@type\":\"EntryPoint\",\"urlTemplate\":\"https:\\\/\\\/gerardohuertas.com\\\/?s={search_term_string}\"},\"query-input\":{\"@type\":\"PropertyValueSpecification\",\"valueRequired\":true,\"valueName\":\"search_term_string\"}}],\"inLanguage\":\"en-US\"}]}<\/script>\n<!-- \/ Yoast SEO plugin. -->","yoast_head_json":{"title":"Gerardo Huertas - Emprendedor en tecnolog\u00eda","description":"Mas de 12 a\u00f1os de experiencia en tecnolog\u00eda, ingenier\u00eda de Software, innovaci\u00f3n corporativa, desarrollo de negocio y administraci\u00f3n.","robots":{"index":"index","follow":"follow","max-snippet":"max-snippet:-1","max-image-preview":"max-image-preview:large","max-video-preview":"max-video-preview:-1"},"canonical":"https:\/\/gerardohuertas.com\/en\/","og_locale":"en_US","og_type":"article","og_title":"Gerardo Huertas - Emprendedor en tecnolog\u00eda","og_description":"Mas de 12 a\u00f1os de experiencia en tecnolog\u00eda, ingenier\u00eda de Software, innovaci\u00f3n corporativa, desarrollo de negocio y administraci\u00f3n.","og_url":"https:\/\/gerardohuertas.com\/en\/","og_site_name":"Gerardo Huertas","article_modified_time":"2025-08-17T21:55:26+00:00","og_image":[{"width":1372,"height":1920,"url":"https:\/\/gerardohuertas.com\/wp-content\/uploads\/2025\/06\/A9A9769-Editar.jpg","type":"image\/jpeg"}],"twitter_card":"summary_large_image","twitter_misc":{"Est. reading time":"13 minutes"},"schema":{"@context":"https:\/\/schema.org","@graph":[{"@type":"WebPage","@id":"https:\/\/gerardohuertas.com\/","url":"https:\/\/gerardohuertas.com\/","name":"Gerardo Huertas - Emprendedor en tecnolog\u00eda","isPartOf":{"@id":"https:\/\/gerardohuertas.com\/#website"},"primaryImageOfPage":{"@id":"https:\/\/gerardohuertas.com\/#primaryimage"},"image":{"@id":"https:\/\/gerardohuertas.com\/#primaryimage"},"thumbnailUrl":"https:\/\/gerardohuertas.com\/wp-content\/uploads\/2025\/06\/A9A9769-Editar.jpg","datePublished":"2019-01-14T16:03:59+00:00","dateModified":"2025-08-17T21:55:26+00:00","description":"Mas de 12 a\u00f1os de experiencia en tecnolog\u00eda, ingenier\u00eda de Software, innovaci\u00f3n corporativa, desarrollo de negocio y administraci\u00f3n.","breadcrumb":{"@id":"https:\/\/gerardohuertas.com\/#breadcrumb"},"inLanguage":"en-US","potentialAction":[{"@type":"ReadAction","target":["https:\/\/gerardohuertas.com\/"]}]},{"@type":"ImageObject","inLanguage":"en-US","@id":"https:\/\/gerardohuertas.com\/#primaryimage","url":"https:\/\/gerardohuertas.com\/wp-content\/uploads\/2025\/06\/A9A9769-Editar.jpg","contentUrl":"https:\/\/gerardohuertas.com\/wp-content\/uploads\/2025\/06\/A9A9769-Editar.jpg","width":1372,"height":1920},{"@type":"BreadcrumbList","@id":"https:\/\/gerardohuertas.com\/#breadcrumb","itemListElement":[{"@type":"ListItem","position":1,"name":"Home","item":"https:\/\/gerardohuertas.com\/"},{"@type":"ListItem","position":2,"name":"Inicio"}]},{"@type":"WebSite","@id":"https:\/\/gerardohuertas.com\/#website","url":"https:\/\/gerardohuertas.com\/","name":"Gerardo Huertas","description":"Consultor de Innovaci\u00f3n, Ingenier\u00eda de Software y Growth Hacking","potentialAction":[{"@type":"SearchAction","target":{"@type":"EntryPoint","urlTemplate":"https:\/\/gerardohuertas.com\/?s={search_term_string}"},"query-input":{"@type":"PropertyValueSpecification","valueRequired":true,"valueName":"search_term_string"}}],"inLanguage":"en-US"}]}},"_links":{"self":[{"href":"https:\/\/gerardohuertas.com\/en\/wp-json\/wp\/v2\/pages\/7","targetHints":{"allow":["GET"]}}],"collection":[{"href":"https:\/\/gerardohuertas.com\/en\/wp-json\/wp\/v2\/pages"}],"about":[{"href":"https:\/\/gerardohuertas.com\/en\/wp-json\/wp\/v2\/types\/page"}],"author":[{"embeddable":true,"href":"https:\/\/gerardohuertas.com\/en\/wp-json\/wp\/v2\/users\/1"}],"replies":[{"embeddable":true,"href":"https:\/\/gerardohuertas.com\/en\/wp-json\/wp\/v2\/comments?post=7"}],"version-history":[{"count":266,"href":"https:\/\/gerardohuertas.com\/en\/wp-json\/wp\/v2\/pages\/7\/revisions"}],"predecessor-version":[{"id":1440,"href":"https:\/\/gerardohuertas.com\/en\/wp-json\/wp\/v2\/pages\/7\/revisions\/1440"}],"wp:featuredmedia":[{"embeddable":true,"href":"https:\/\/gerardohuertas.com\/en\/wp-json\/wp\/v2\/media\/1412"}],"wp:attachment":[{"href":"https:\/\/gerardohuertas.com\/en\/wp-json\/wp\/v2\/media?parent=7"}],"curies":[{"name":"wp","href":"https:\/\/api.w.org\/{rel}","templated":true}]}}